{"id":24454,"date":"2024-09-23T11:23:20","date_gmt":"2024-09-23T09:23:20","guid":{"rendered":"https:\/\/www.uxban.com\/es\/?post_type=vivienda&#038;p=24454"},"modified":"2024-09-23T11:25:12","modified_gmt":"2024-09-23T09:25:12","slug":"plaza-lealtad","status":"publish","type":"vivienda","link":"https:\/\/www.uxban.com\/es\/vivienda\/plaza-lealtad\/","title":{"rendered":"Plaza Lealtad"},"content":{"rendered":"<p>[et_pb_section fb_built=\u00bb1&#8243; fullwidth=\u00bbon\u00bb module_id=\u00bbvivienda-header\u00bb _builder_version=\u00bb3.27.4&#8243; background_color=\u00bb#000000&#8243;][et_pb_fullwidth_header title=\u00bbILUSTRE PANORAMA\u00bb header_fullscreen=\u00bbon\u00bb _builder_version=\u00bb4.4.9&#8243; background_enable_color=\u00bboff\u00bb background_image=\u00bbhttps:\/\/www.uxban.com\/wp-content\/uploads\/2023\/09\/plaza-lealtad-01.jpg\u00bb parallax=\u00bbon\u00bb parallax_method=\u00bbon\u00bb animation_style=\u00bbfade\u00bb animation_delay=\u00bb250ms\u00bb][\/et_pb_fullwidth_header][\/et_pb_section][et_pb_section fb_built=\u00bb1&#8243; module_id=\u00bbvivienda-container\u00bb _builder_version=\u00bb3.27.4&#8243;][et_pb_row module_id=\u00bbvivienda-text-1-container\u00bb _builder_version=\u00bb3.27.4&#8243; max_width=\u00bb700px\u00bb][et_pb_column type=\u00bb4_4&#8243; _builder_version=\u00bb3.27.4&#8243;][et_pb_text module_id=\u00bbvivienda-text-1&#8243; _builder_version=\u00bb4.4.9&#8243; text_orientation=\u00bbcenter\u00bb]<\/p>\n<h2>La vivienda est\u00e1 en un majestuoso e imponente edificio de 1925 siguiendo las l\u00edneas cl\u00e1sicas que dan tanto car\u00e1cter y significancia al barrio de Los Jer\u00f3nimos.<\/h2>\n<p>Simplemente viendo el acceso al portal uno se hace la idea de la escala tan grandilocuente que tiene. Es un hall \u00fanico ornamentado con mucho detalle a base de m\u00e1rmoles de diversas canteras. El trazado de su grandiosa escalera es simplemente una pieza de museo.<\/p>\n<p>[\/et_pb_text][\/et_pb_column][\/et_pb_row][et_pb_row module_id=\u00bbvivienda-imagen-container-1&#8243; _builder_version=\u00bb3.27.4&#8243;][et_pb_column type=\u00bb4_4&#8243; _builder_version=\u00bb3.27.4&#8243;][et_pb_image src=\u00bbhttps:\/\/www.uxban.com\/wp-content\/uploads\/2023\/09\/plaza-lealtad-02.jpg\u00bb title_text=\u00bbplaza-lealtad-02&#8243; show_in_lightbox=\u00bbon\u00bb align=\u00bbcenter\u00bb module_id=\u00bbvivienda-imagen-1&#8243; _builder_version=\u00bb4.4.9&#8243;][\/et_pb_image][\/et_pb_column][\/et_pb_row][et_pb_row column_structure=\u00bb1_2,1_2&#8243; make_equal=\u00bbon\u00bb module_id=\u00bbvivienda-imagen-container-2&#8243; module_class=\u00bbimages-middle\u00bb _builder_version=\u00bb3.27.4&#8243;][et_pb_column type=\u00bb1_2&#8243; _builder_version=\u00bb3.27.4&#8243;][et_pb_image src=\u00bbhttps:\/\/www.uxban.com\/wp-content\/uploads\/2023\/09\/plaza-lealtad-03.jpg\u00bb title_text=\u00bbplaza-lealtad-03&#8243; show_in_lightbox=\u00bbon\u00bb align=\u00bbcenter\u00bb module_id=\u00bbvivienda-imagen-2&#8243; _builder_version=\u00bb4.4.9&#8243;][\/et_pb_image][\/et_pb_column][et_pb_column type=\u00bb1_2&#8243; _builder_version=\u00bb3.27.4&#8243;][et_pb_image src=\u00bbhttps:\/\/www.uxban.com\/wp-content\/uploads\/2023\/09\/plaza-lealtad-04.jpg\u00bb title_text=\u00bbplaza-lealtad-04&#8243; show_in_lightbox=\u00bbon\u00bb align=\u00bbcenter\u00bb module_id=\u00bbvivienda-imagen-3&#8243; _builder_version=\u00bb4.4.9&#8243;][\/et_pb_image][\/et_pb_column][\/et_pb_row][et_pb_row module_id=\u00bbvivienda-text-2-container\u00bb _builder_version=\u00bb3.27.4&#8243; max_width=\u00bb700px\u00bb][et_pb_column type=\u00bb4_4&#8243; _builder_version=\u00bb3.27.4&#8243;][et_pb_text module_id=\u00bbvivienda-text-2&#8243; _builder_version=\u00bb4.4.9&#8243; text_orientation=\u00bbcenter\u00bb]<\/p>\n<h2>La actuaci\u00f3n ha consistido en transformar una antigua oficina con m\u00faltiples y peque\u00f1os despachos, en una vivienda representativa con espacios generosos y de diferente car\u00e1cter.<\/h2>\n<p>De los dos salones principales que tiene la casa, el que produce un mayor impacto es el orientado hacia la Plaza de la Lealtad. El lenguaje arquitect\u00f3nico se adapta a un entorno \u00fanico, tanto por las vistas despejadas como por la calidad del edificio.<\/p>\n<p>[\/et_pb_text][\/et_pb_column][\/et_pb_row][\/et_pb_section][et_pb_section fb_built=\u00bb1&#8243; fullwidth=\u00bbon\u00bb module_id=\u00bbvivienda-galeria\u00bb _builder_version=\u00bb3.27.4&#8243;][et_pb_fullwidth_slider module_class=\u00bbfull-height\u00bb _builder_version=\u00bb4.4.9&#8243; background_color=\u00bb#000000&#8243;][et_pb_slide _builder_version=\u00bb4.4.9&#8243; background_color=\u00bb#000000&#8243; background_enable_color=\u00bbon\u00bb background_image=\u00bbhttps:\/\/www.uxban.com\/wp-content\/uploads\/2023\/09\/plaza-lealtad-05.jpg\u00bb background_enable_image=\u00bbon\u00bb][\/et_pb_slide][et_pb_slide _builder_version=\u00bb4.4.9&#8243; background_color=\u00bb#000000&#8243; background_enable_color=\u00bbon\u00bb background_image=\u00bbhttps:\/\/www.uxban.com\/wp-content\/uploads\/2023\/09\/plaza-lealtad-06-01.jpg\u00bb background_enable_image=\u00bbon\u00bb][\/et_pb_slide][et_pb_slide _builder_version=\u00bb4.4.9&#8243; background_color=\u00bb#000000&#8243; background_enable_color=\u00bbon\u00bb background_image=\u00bbhttps:\/\/www.uxban.com\/wp-content\/uploads\/2023\/09\/plaza-lealtad-06-02.jpg\u00bb background_enable_image=\u00bbon\u00bb][\/et_pb_slide][et_pb_slide _builder_version=\u00bb4.4.9&#8243; background_color=\u00bb#000000&#8243; background_enable_color=\u00bbon\u00bb background_image=\u00bbhttps:\/\/www.uxban.com\/wp-content\/uploads\/2023\/09\/plaza-lealtad-06-03.jpg\u00bb background_enable_image=\u00bbon\u00bb][\/et_pb_slide][et_pb_slide _builder_version=\u00bb4.4.9&#8243; background_color=\u00bb#000000&#8243; background_enable_color=\u00bbon\u00bb background_image=\u00bbhttps:\/\/www.uxban.com\/wp-content\/uploads\/2023\/09\/plaza-lealtad-06-04.jpg\u00bb background_enable_image=\u00bbon\u00bb][\/et_pb_slide][et_pb_slide _builder_version=\u00bb4.4.9&#8243; background_color=\u00bb#000000&#8243; background_enable_color=\u00bbon\u00bb background_image=\u00bbhttps:\/\/www.uxban.com\/wp-content\/uploads\/2023\/09\/plaza-lealtad-06-05.jpg\u00bb background_enable_image=\u00bbon\u00bb][\/et_pb_slide][et_pb_slide _builder_version=\u00bb4.4.9&#8243; background_color=\u00bb#000000&#8243; background_enable_color=\u00bbon\u00bb background_image=\u00bbhttps:\/\/www.uxban.com\/wp-content\/uploads\/2023\/09\/plaza-lealtad-06-06.jpg\u00bb background_enable_image=\u00bbon\u00bb][\/et_pb_slide][et_pb_slide _builder_version=\u00bb4.4.9&#8243; background_color=\u00bb#000000&#8243; background_enable_color=\u00bbon\u00bb background_image=\u00bbhttps:\/\/www.uxban.com\/wp-content\/uploads\/2023\/09\/plaza-lealtad-06-07.jpg\u00bb background_enable_image=\u00bbon\u00bb][\/et_pb_slide][et_pb_slide _builder_version=\u00bb4.4.9&#8243; background_color=\u00bb#000000&#8243; background_enable_color=\u00bbon\u00bb background_image=\u00bbhttps:\/\/www.uxban.com\/wp-content\/uploads\/2023\/09\/plaza-lealtad-06-08.jpg\u00bb background_enable_image=\u00bbon\u00bb][\/et_pb_slide][et_pb_slide _builder_version=\u00bb4.4.9&#8243; background_color=\u00bb#000000&#8243; background_enable_color=\u00bbon\u00bb background_image=\u00bbhttps:\/\/www.uxban.com\/wp-content\/uploads\/2023\/09\/plaza-lealtad-06-09.jpg\u00bb background_enable_image=\u00bbon\u00bb][\/et_pb_slide][et_pb_slide _builder_version=\u00bb4.4.9&#8243; background_color=\u00bb#000000&#8243; background_enable_color=\u00bbon\u00bb background_image=\u00bbhttps:\/\/www.uxban.com\/wp-content\/uploads\/2023\/09\/plaza-lealtad-06-10.jpg\u00bb background_enable_image=\u00bbon\u00bb][\/et_pb_slide][et_pb_slide _builder_version=\u00bb4.4.9&#8243; background_color=\u00bb#000000&#8243; background_enable_color=\u00bbon\u00bb background_image=\u00bbhttps:\/\/www.uxban.com\/wp-content\/uploads\/2023\/09\/plaza-lealtad-06-11.jpg\u00bb background_enable_image=\u00bbon\u00bb][\/et_pb_slide][\/et_pb_fullwidth_slider][\/et_pb_section][et_pb_section fb_built=\u00bb1&#8243; admin_label=\u00bbSLIDER DE IM\u00c1GENES\u00bb module_id=\u00bbvivienda-slider\u00bb _builder_version=\u00bb3.27.4&#8243;][et_pb_row admin_label=\u00bbFila\u00bb module_class=\u00bbvivienda-image-slider\u00bb _builder_version=\u00bb3.27.4&#8243; width=\u00bb100%\u00bb max_width=\u00bb2560px\u00bb][et_pb_column type=\u00bb4_4&#8243; _builder_version=\u00bb3.27.4&#8243;][et_pb_image src=\u00bbhttps:\/\/www.uxban.com\/wp-content\/uploads\/2023\/09\/plaza-lealtad-01.jpg\u00bb title_text=\u00bbplaza-lealtad-01&#8243; show_in_lightbox=\u00bbon\u00bb align=\u00bbcenter\u00bb _builder_version=\u00bb4.4.9&#8243;][\/et_pb_image][et_pb_image src=\u00bbhttps:\/\/www.uxban.com\/wp-content\/uploads\/2023\/09\/plaza-lealtad-02.jpg\u00bb title_text=\u00bbplaza-lealtad-02&#8243; show_in_lightbox=\u00bbon\u00bb align=\u00bbcenter\u00bb _builder_version=\u00bb4.4.9&#8243;][\/et_pb_image][et_pb_image src=\u00bbhttps:\/\/www.uxban.com\/wp-content\/uploads\/2023\/09\/plaza-lealtad-03.jpg\u00bb title_text=\u00bbplaza-lealtad-03&#8243; show_in_lightbox=\u00bbon\u00bb align=\u00bbcenter\u00bb _builder_version=\u00bb4.4.9&#8243;][\/et_pb_image][et_pb_image src=\u00bbhttps:\/\/www.uxban.com\/wp-content\/uploads\/2023\/09\/plaza-lealtad-04.jpg\u00bb title_text=\u00bbplaza-lealtad-04&#8243; show_in_lightbox=\u00bbon\u00bb align=\u00bbcenter\u00bb _builder_version=\u00bb4.4.9&#8243;][\/et_pb_image][et_pb_image src=\u00bbhttps:\/\/www.uxban.com\/wp-content\/uploads\/2023\/09\/plaza-lealtad-05.jpg\u00bb title_text=\u00bbplaza-lealtad-05&#8243; show_in_lightbox=\u00bbon\u00bb align=\u00bbcenter\u00bb _builder_version=\u00bb4.4.9&#8243;][\/et_pb_image][et_pb_image src=\u00bbhttps:\/\/www.uxban.com\/wp-content\/uploads\/2023\/09\/plaza-lealtad-06-01.jpg\u00bb title_text=\u00bbplaza-lealtad-06-01&#8243; show_in_lightbox=\u00bbon\u00bb align=\u00bbcenter\u00bb _builder_version=\u00bb4.4.9&#8243;][\/et_pb_image][et_pb_image src=\u00bbhttps:\/\/www.uxban.com\/wp-content\/uploads\/2023\/09\/plaza-lealtad-06-02.jpg\u00bb title_text=\u00bbplaza-lealtad-06-02&#8243; show_in_lightbox=\u00bbon\u00bb align=\u00bbcenter\u00bb _builder_version=\u00bb4.4.9&#8243;][\/et_pb_image][et_pb_image src=\u00bbhttps:\/\/www.uxban.com\/wp-content\/uploads\/2023\/09\/plaza-lealtad-06-03.jpg\u00bb title_text=\u00bbplaza-lealtad-06-03&#8243; show_in_lightbox=\u00bbon\u00bb align=\u00bbcenter\u00bb _builder_version=\u00bb4.4.9&#8243;][\/et_pb_image][et_pb_image src=\u00bbhttps:\/\/www.uxban.com\/wp-content\/uploads\/2023\/09\/plaza-lealtad-06-04.jpg\u00bb title_text=\u00bbplaza-lealtad-06-04&#8243; show_in_lightbox=\u00bbon\u00bb align=\u00bbcenter\u00bb _builder_version=\u00bb4.4.9&#8243;][\/et_pb_image][et_pb_image src=\u00bbhttps:\/\/www.uxban.com\/wp-content\/uploads\/2023\/09\/plaza-lealtad-06-05.jpg\u00bb title_text=\u00bbplaza-lealtad-06-05&#8243; show_in_lightbox=\u00bbon\u00bb align=\u00bbcenter\u00bb _builder_version=\u00bb4.4.9&#8243;][\/et_pb_image][et_pb_image src=\u00bbhttps:\/\/www.uxban.com\/wp-content\/uploads\/2023\/09\/plaza-lealtad-06-06.jpg\u00bb title_text=\u00bbplaza-lealtad-06-06&#8243; show_in_lightbox=\u00bbon\u00bb align=\u00bbcenter\u00bb _builder_version=\u00bb4.4.9&#8243;][\/et_pb_image][et_pb_image src=\u00bbhttps:\/\/www.uxban.com\/wp-content\/uploads\/2023\/09\/plaza-lealtad-06-07.jpg\u00bb title_text=\u00bbplaza-lealtad-06-07&#8243; show_in_lightbox=\u00bbon\u00bb align=\u00bbcenter\u00bb _builder_version=\u00bb4.4.9&#8243;][\/et_pb_image][et_pb_image src=\u00bbhttps:\/\/www.uxban.com\/wp-content\/uploads\/2023\/09\/plaza-lealtad-06-08.jpg\u00bb title_text=\u00bbplaza-lealtad-06-08&#8243; show_in_lightbox=\u00bbon\u00bb align=\u00bbcenter\u00bb _builder_version=\u00bb4.4.9&#8243;][\/et_pb_image][et_pb_image src=\u00bbhttps:\/\/www.uxban.com\/wp-content\/uploads\/2023\/09\/plaza-lealtad-06-09.jpg\u00bb title_text=\u00bbplaza-lealtad-06-09&#8243; show_in_lightbox=\u00bbon\u00bb align=\u00bbcenter\u00bb _builder_version=\u00bb4.4.9&#8243;][\/et_pb_image][et_pb_image src=\u00bbhttps:\/\/www.uxban.com\/wp-content\/uploads\/2023\/09\/plaza-lealtad-06-10.jpg\u00bb title_text=\u00bbplaza-lealtad-06-10&#8243; show_in_lightbox=\u00bbon\u00bb align=\u00bbcenter\u00bb _builder_version=\u00bb4.4.9&#8243;][\/et_pb_image][et_pb_image src=\u00bbhttps:\/\/www.uxban.com\/wp-content\/uploads\/2023\/09\/plaza-lealtad-06-11.jpg\u00bb title_text=\u00bbplaza-lealtad-06-11&#8243; show_in_lightbox=\u00bbon\u00bb align=\u00bbcenter\u00bb _builder_version=\u00bb4.4.9&#8243;][\/et_pb_image][\/et_pb_column][\/et_pb_row][\/et_pb_section][et_pb_section fb_built=\u00bb1&#8243; module_id=\u00bbvivienda-barrio-container\u00bb _builder_version=\u00bb3.27.4&#8243;][et_pb_row column_structure=\u00bb1_2,1_2&#8243; make_equal=\u00bbon\u00bb admin_label=\u00bbid:vivienda-barrio\u00bb module_id=\u00bbvivienda-barrio\u00bb _builder_version=\u00bb4.4.9&#8243; background_enable_image=\u00bboff\u00bb max_width=\u00bb835px\u00bb][et_pb_column type=\u00bb1_2&#8243; _builder_version=\u00bb4.4.9&#8243; background_image=\u00bbhttps:\/\/www.uxban.com\/wp-content\/uploads\/2023\/09\/plaza-lealtad-07.jpg\u00bb][\/et_pb_column][et_pb_column type=\u00bb1_2&#8243; _builder_version=\u00bb3.27.4&#8243;][et_pb_text admin_label=\u00bbid:vivienda-barrio-text\u00bb module_id=\u00bbvivienda-barrio-text\u00bb _builder_version=\u00bb4.4.9&#8243; text_orientation=\u00bbcenter\u00bb]<\/p>\n<h3>El verdadero lujo de vivir en Jer\u00f3nimos.<\/h3>\n<p>Erigido sobre los antiguos terrenos del Real Sitio del Buen Retiro, debe su nombre al antiguo monasterio que fue trasladado a este lugar en el siglo XVI. En ellos se levantaron algunos hitos urbanos como el mundialmente conocido Museo del Prado, el Cas\u00f3n del Buen Retiro o el Jard\u00edn Bot\u00e1nico.<\/p>\n<p>Pasear por sus hist\u00f3ricas calles es admirar algunos de los edificios m\u00e1s codiciados y bellos de la ciudad. Se caracteriza por su paz y tranquilidad; por algo era el lugar de descanso para la monarqu\u00eda desde hace varios siglos.<\/p>\n<p>[\/et_pb_text][\/et_pb_column][\/et_pb_row][et_pb_row column_structure=\u00bb1_2,1_2&#8243; make_equal=\u00bbon\u00bb admin_label=\u00bbid:vivienda-caracteristicas\u00bb module_id=\u00bbvivienda-caracteristicas\u00bb _builder_version=\u00bb3.27.4&#8243; background_enable_image=\u00bboff\u00bb max_width=\u00bb835px\u00bb][et_pb_column type=\u00bb1_2&#8243; _builder_version=\u00bb3.27.4&#8243; background_enable_image=\u00bboff\u00bb][et_pb_text _builder_version=\u00bb4.4.9&#8243;]<\/p>\n<table>\n<tr>\n<td class=\"titular\">Localizaci\u00f3n<\/td>\n<td>Plaza Lealtad (Madrid)<\/td>\n<\/tr>\n<tr>\n<td class=\"titular\">Tipo<\/td>\n<td>Piso<\/td>\n<\/tr>\n<tr>\n<td class=\"titular\">Fecha<\/td>\n<td>Abril 2023<\/td>\n<\/tr>\n<tr>\n<td class=\"titular\">Superf\u00edcie<\/td>\n<td>317 m\u00b2 construidos<\/td>\n<\/tr>\n<\/table>\n<p>[\/et_pb_text][\/et_pb_column][et_pb_column type=\u00bb1_2&#8243; _builder_version=\u00bb3.27.4&#8243;][et_pb_text _builder_version=\u00bb4.4.9&#8243; text_orientation=\u00bbcenter\u00bb]<\/p>\n<table>\n<tr>\n<td class=\"titular\">Caracter\u00edsticas<\/td>\n<td>N\u00ba de dormitorios<\/td>\n<td>4<\/td>\n<\/tr>\n<tr>\n<td><\/td>\n<td>N\u00ba de ba\u00f1os<\/td>\n<td>5<\/td>\n<\/tr>\n<tr>\n<td><\/td>\n<td>Trastero<\/td>\n<td>No<\/td>\n<\/tr>\n<tr>\n<td><\/td>\n<td>Garaje<\/td>\n<td>No<\/td>\n<\/tr>\n<tr>\n<td><\/td>\n<td><\/td>\n<td><\/td>\n<\/tr>\n<\/table>\n<p>[\/et_pb_text][\/et_pb_column][\/et_pb_row][\/et_pb_section][et_pb_section fb_built=\u00bb1&#8243; disabled_on=\u00bboff|off|off\u00bb admin_label=\u00bb\u00bfTE INTERESA ESTA VIVIENDA?\u00bb module_id=\u00bbvivienda-te-interesa\u00bb _builder_version=\u00bb3.27.4&#8243; background_color=\u00bb#F7F6F2&#8243; collapsed=\u00bboff\u00bb][et_pb_row column_structure=\u00bb1_2,1_2&#8243; make_equal=\u00bbon\u00bb _builder_version=\u00bb3.27.4&#8243;][et_pb_column type=\u00bb1_2&#8243; module_id=\u00bbvivienda-te-interesa-texto\u00bb _builder_version=\u00bb3.27.4&#8243;][et_pb_text content_last_edited=\u00bboff|desktop\u00bb _builder_version=\u00bb4.4.9&#8243;]<\/p>\n<h3>\u00bfTE INTERESA ESTA VIVIENDA?<\/h3>\n<p>Escr\u00edbenos y te facilitaremos informaci\u00f3n detallada tanto de las viviendas que tenemos disponibles en este momento como de aquellas que estamos rehabilitando.<\/p>\n<p><a href=\"\/contacto\/\">Contacta con nosotros<\/a><\/p>\n<p>[\/et_pb_text][\/et_pb_column][et_pb_column type=\u00bb1_2&#8243; _builder_version=\u00bb3.27.4&#8243;][et_pb_image src=\u00bbhttps:\/\/www.uxban.com\/wp-content\/uploads\/2020\/07\/viviendas-contacto.jpg\u00bb src_last_edited=\u00bboff|desktop\u00bb _builder_version=\u00bb4.4.9&#8243;][\/et_pb_image][\/et_pb_column][\/et_pb_row][\/et_pb_section][et_pb_section fb_built=\u00bb1&#8243; disabled_on=\u00bbon|on|on\u00bb admin_label=\u00bb\u00bfTE INTERESA ESTA VIVIENDA?\u00bb module_id=\u00bbvivienda-te-interesa\u00bb _builder_version=\u00bb4.4.9&#8243; background_color=\u00bb#F7F6F2&#8243; disabled=\u00bbon\u00bb][et_pb_row column_structure=\u00bb1_2,1_2&#8243; make_equal=\u00bbon\u00bb _builder_version=\u00bb3.27.4&#8243;][et_pb_column type=\u00bb1_2&#8243; module_id=\u00bbvivienda-te-interesa-texto\u00bb _builder_version=\u00bb3.27.4&#8243;][et_pb_text _builder_version=\u00bb3.27.4&#8243;]<\/p>\n<h3>\u00bfTE INTERESA ESTA VIVIENDA?<\/h3>\n<p>Lorem ipsum dolor sit amet, consetetur sadipscing elitr, sed diam nonumy eirmod tempor invidunt ut labore et dolore magna aliquyam erat, sed diam voluptua.<\/p>\n<p><a href=\"#\">Contacta con nosotros<\/a><\/p>\n<p>[\/et_pb_text][\/et_pb_column][et_pb_column type=\u00bb1_2&#8243; _builder_version=\u00bb3.27.4&#8243;][\/et_pb_column][\/et_pb_row][\/et_pb_section][et_pb_section fb_built=\u00bb1&#8243; disabled_on=\u00bbon|on|on\u00bb module_id=\u00bbvivienda-ver-otra\u00bb _builder_version=\u00bb3.27.4&#8243; background_color=\u00bbrgba(0,0,0,0.3)\u00bb background_image=\u00bbhttps:\/\/www.uxban.com\/wp-content\/uploads\/2019\/10\/vivienda-otras-viviendas.jpg\u00bb background_blend=\u00bbmultiply\u00bb disabled=\u00bbon\u00bb][et_pb_row _builder_version=\u00bb3.27.4&#8243;][et_pb_column type=\u00bb4_4&#8243; _builder_version=\u00bb3.27.4&#8243;][et_pb_text _builder_version=\u00bb3.27.4&#8243; text_orientation=\u00bbcenter\u00bb background_layout=\u00bbdark\u00bb]<\/p>\n<h3>SINGULAR<br \/>\u00c1TICO<\/h3>\n<p>[\/et_pb_text][et_pb_button button_url=\u00bb#\u00bb button_text=\u00bbVer vivienda\u00bb button_alignment=\u00bbcenter\u00bb _builder_version=\u00bb3.27.4&#8243; background_layout=\u00bbdark\u00bb][\/et_pb_button][\/et_pb_column][\/et_pb_row][\/et_pb_section]<\/p>\n","protected":false},"excerpt":{"rendered":"<p>Una de las plazas m\u00e1s deseadas de Madrid, con vistas a una marea verde de vegetaci\u00f3n \u00fanica en un entorno monumental junto al Hotel Ritz y el Palace<\/p>\n","protected":false},"featured_media":24457,"template":"","meta":{"_et_pb_use_builder":"on","_et_pb_old_content":"","_et_gb_content_width":""},"class_list":["post-24454","vivienda","type-vivienda","status-publish","has-post-thumbnail","hentry"],"acf":{"mostrar_boton_mas_informacion":false,"destacar_hamburguesa":false,"destacar_viviendas":true},"_links":{"self":[{"href":"https:\/\/www.uxban.com\/es\/wp-json\/wp\/v2\/vivienda\/24454","targetHints":{"allow":["GET"]}}],"collection":[{"href":"https:\/\/www.uxban.com\/es\/wp-json\/wp\/v2\/vivienda"}],"about":[{"href":"https:\/\/www.uxban.com\/es\/wp-json\/wp\/v2\/types\/vivienda"}],"version-history":[{"count":9,"href":"https:\/\/www.uxban.com\/es\/wp-json\/wp\/v2\/vivienda\/24454\/revisions"}],"predecessor-version":[{"id":24504,"href":"https:\/\/www.uxban.com\/es\/wp-json\/wp\/v2\/vivienda\/24454\/revisions\/24504"}],"wp:featuredmedia":[{"embeddable":true,"href":"https:\/\/www.uxban.com\/es\/wp-json\/wp\/v2\/media\/24457"}],"wp:attachment":[{"href":"https:\/\/www.uxban.com\/es\/wp-json\/wp\/v2\/media?parent=24454"}],"curies":[{"name":"wp","href":"https:\/\/api.w.org\/{rel}","templated":true}]}}