{"id":24110,"date":"2019-10-01T12:56:10","date_gmt":"2019-10-01T10:56:10","guid":{"rendered":"https:\/\/www.uxban.com\/es\/?post_type=vivienda&#038;p=24110"},"modified":"2023-09-19T22:08:53","modified_gmt":"2023-09-19T20:08:53","slug":"ayala-i","status":"publish","type":"vivienda","link":"https:\/\/www.uxban.com\/es\/vivienda\/ayala-i\/","title":{"rendered":"Ayala I"},"content":{"rendered":"<p>[et_pb_section fb_built=\u00bb1&#8243; fullwidth=\u00bbon\u00bb module_id=\u00bbvivienda-header\u00bb _builder_version=\u00bb3.27.4&#8243; background_color=\u00bb#000000&#8243;][et_pb_fullwidth_header title=\u00bbCASA DE REVISTA\u00bb header_fullscreen=\u00bbon\u00bb _builder_version=\u00bb4.4.9&#8243; background_enable_color=\u00bboff\u00bb background_image=\u00bbhttps:\/\/www.uxban.com\/wp-content\/uploads\/2023\/09\/ayala-i-01.jpg\u00bb parallax=\u00bbon\u00bb parallax_method=\u00bbon\u00bb animation_style=\u00bbfade\u00bb animation_delay=\u00bb250ms\u00bb][\/et_pb_fullwidth_header][\/et_pb_section][et_pb_section fb_built=\u00bb1&#8243; module_id=\u00bbvivienda-container\u00bb _builder_version=\u00bb3.27.4&#8243;][et_pb_row module_id=\u00bbvivienda-text-1-container\u00bb _builder_version=\u00bb3.27.4&#8243; max_width=\u00bb700px\u00bb][et_pb_column type=\u00bb4_4&#8243; _builder_version=\u00bb3.27.4&#8243;][et_pb_text module_id=\u00bbvivienda-text-1&#8243; _builder_version=\u00bb4.4.9&#8243; text_orientation=\u00bbcenter\u00bb]<\/p>\n<h2>El edificio fue erigido a principios del siglo XX siguiendo un dise\u00f1o neocl\u00e1sico muy marcado, con unas l\u00edneas de fachada rotundas que no dejan indiferente a nadie.<\/h2>\n<p>Las zonas comunes siguen la marcada l\u00ednea est\u00e9tica del exterior, dando paso a una vivienda con una altura de techos notable, y ornamentado con molduras de la \u00e9poca que no se pudieron mantener por estar en un estado muy precario.<\/p>\n<p>[\/et_pb_text][\/et_pb_column][\/et_pb_row][et_pb_row module_id=\u00bbvivienda-imagen-container-1&#8243; _builder_version=\u00bb3.27.4&#8243;][et_pb_column type=\u00bb4_4&#8243; _builder_version=\u00bb3.27.4&#8243;][et_pb_image src=\u00bbhttps:\/\/www.uxban.com\/wp-content\/uploads\/2023\/09\/ayala-i-02.jpg\u00bb title_text=\u00bbayala-i-02&#8243; show_in_lightbox=\u00bbon\u00bb align=\u00bbcenter\u00bb module_id=\u00bbvivienda-imagen-1&#8243; _builder_version=\u00bb4.4.9&#8243;][\/et_pb_image][\/et_pb_column][\/et_pb_row][et_pb_row column_structure=\u00bb1_2,1_2&#8243; make_equal=\u00bbon\u00bb module_id=\u00bbvivienda-imagen-container-2&#8243; module_class=\u00bbimages-middle\u00bb _builder_version=\u00bb3.27.4&#8243;][et_pb_column type=\u00bb1_2&#8243; _builder_version=\u00bb3.27.4&#8243;][et_pb_image src=\u00bbhttps:\/\/www.uxban.com\/wp-content\/uploads\/2023\/09\/ayala-i-03.jpg\u00bb title_text=\u00bbayala-i-03&#8243; show_in_lightbox=\u00bbon\u00bb align=\u00bbcenter\u00bb module_id=\u00bbvivienda-imagen-2&#8243; _builder_version=\u00bb4.4.9&#8243;][\/et_pb_image][\/et_pb_column][et_pb_column type=\u00bb1_2&#8243; _builder_version=\u00bb3.27.4&#8243;][et_pb_image src=\u00bbhttps:\/\/www.uxban.com\/wp-content\/uploads\/2023\/09\/ayala-i-04.jpg\u00bb title_text=\u00bbayala-i-04&#8243; show_in_lightbox=\u00bbon\u00bb align=\u00bbcenter\u00bb module_id=\u00bbvivienda-imagen-3&#8243; _builder_version=\u00bb4.4.9&#8243;][\/et_pb_image][\/et_pb_column][\/et_pb_row][et_pb_row module_id=\u00bbvivienda-text-2-container\u00bb _builder_version=\u00bb3.27.4&#8243; max_width=\u00bb700px\u00bb][et_pb_column type=\u00bb4_4&#8243; _builder_version=\u00bb3.27.4&#8243;][et_pb_text module_id=\u00bbvivienda-text-2&#8243; _builder_version=\u00bb4.4.9&#8243; text_orientation=\u00bbcenter\u00bb]<\/p>\n<h2>Antes de la reforma la casa era una sucesi\u00f3n angustiosa de peque\u00f1as habitaciones que imped\u00edan que la luz natural entrara de forma rotunda.<\/h2>\n<p>La actuaci\u00f3n principal fue unificar las cuatro estancias originales que ten\u00eda la vivienda en su parte delantera, y conformar un \u00e1rea social sobresaliente trasladando la cocina desde el fondo de la casa hasta tener un papel protagonista dentro de la misma.[\/et_pb_text][\/et_pb_column][\/et_pb_row][\/et_pb_section][et_pb_section fb_built=\u00bb1&#8243; fullwidth=\u00bbon\u00bb module_id=\u00bbvivienda-galeria\u00bb _builder_version=\u00bb3.27.4&#8243;][et_pb_fullwidth_slider module_class=\u00bbfull-height\u00bb _builder_version=\u00bb4.4.9&#8243; background_color=\u00bb#000000&#8243;][et_pb_slide _builder_version=\u00bb4.4.9&#8243; background_color=\u00bb#000000&#8243; background_enable_color=\u00bbon\u00bb background_image=\u00bbhttps:\/\/www.uxban.com\/wp-content\/uploads\/2023\/09\/ayala-i-05.jpg\u00bb background_enable_image=\u00bbon\u00bb][\/et_pb_slide][et_pb_slide _builder_version=\u00bb4.4.9&#8243; background_color=\u00bb#000000&#8243; background_enable_color=\u00bbon\u00bb background_image=\u00bbhttps:\/\/www.uxban.com\/wp-content\/uploads\/2023\/09\/ayala-i-06-01.jpg\u00bb background_enable_image=\u00bbon\u00bb][\/et_pb_slide][et_pb_slide _builder_version=\u00bb4.4.9&#8243; background_color=\u00bb#000000&#8243; background_enable_color=\u00bbon\u00bb background_image=\u00bbhttps:\/\/www.uxban.com\/wp-content\/uploads\/2023\/09\/ayala-i-06-02.jpg\u00bb background_enable_image=\u00bbon\u00bb][\/et_pb_slide][et_pb_slide _builder_version=\u00bb4.4.9&#8243; background_color=\u00bb#000000&#8243; background_enable_color=\u00bbon\u00bb background_image=\u00bbhttps:\/\/www.uxban.com\/wp-content\/uploads\/2023\/09\/ayala-i-06-03.jpg\u00bb background_enable_image=\u00bbon\u00bb][\/et_pb_slide][et_pb_slide _builder_version=\u00bb4.4.9&#8243; background_color=\u00bb#000000&#8243; background_enable_color=\u00bbon\u00bb background_image=\u00bbhttps:\/\/www.uxban.com\/wp-content\/uploads\/2023\/09\/ayala-i-06-04.jpg\u00bb background_enable_image=\u00bbon\u00bb][\/et_pb_slide][et_pb_slide _builder_version=\u00bb4.4.9&#8243; background_color=\u00bb#000000&#8243; background_enable_color=\u00bbon\u00bb background_image=\u00bbhttps:\/\/www.uxban.com\/wp-content\/uploads\/2023\/09\/ayala-i-06-05.jpg\u00bb background_enable_image=\u00bbon\u00bb][\/et_pb_slide][et_pb_slide _builder_version=\u00bb4.4.9&#8243; background_color=\u00bb#000000&#8243; background_enable_color=\u00bbon\u00bb background_image=\u00bbhttps:\/\/www.uxban.com\/wp-content\/uploads\/2023\/09\/ayala-i-06-06.jpg\u00bb background_enable_image=\u00bbon\u00bb][\/et_pb_slide][et_pb_slide _builder_version=\u00bb4.4.9&#8243; background_color=\u00bb#000000&#8243; background_enable_color=\u00bbon\u00bb background_image=\u00bbhttps:\/\/www.uxban.com\/wp-content\/uploads\/2023\/09\/ayala-i-06-07.jpg\u00bb background_enable_image=\u00bbon\u00bb][\/et_pb_slide][et_pb_slide _builder_version=\u00bb4.4.9&#8243; background_color=\u00bb#000000&#8243; background_enable_color=\u00bbon\u00bb background_image=\u00bbhttps:\/\/www.uxban.com\/wp-content\/uploads\/2023\/09\/ayala-i-06-08.jpg\u00bb background_enable_image=\u00bbon\u00bb][\/et_pb_slide][\/et_pb_fullwidth_slider][\/et_pb_section][et_pb_section fb_built=\u00bb1&#8243; admin_label=\u00bbSLIDER DE IM\u00c1GENES\u00bb module_id=\u00bbvivienda-slider\u00bb _builder_version=\u00bb3.27.4&#8243;][et_pb_row admin_label=\u00bbFila\u00bb module_class=\u00bbvivienda-image-slider\u00bb _builder_version=\u00bb3.27.4&#8243; width=\u00bb100%\u00bb max_width=\u00bb2560px\u00bb][et_pb_column type=\u00bb4_4&#8243; _builder_version=\u00bb3.27.4&#8243;][et_pb_image src=\u00bbhttps:\/\/www.uxban.com\/wp-content\/uploads\/2023\/09\/ayala-i-01.jpg\u00bb title_text=\u00bbayala-i-01&#8243; show_in_lightbox=\u00bbon\u00bb align=\u00bbcenter\u00bb _builder_version=\u00bb4.4.9&#8243;][\/et_pb_image][et_pb_image src=\u00bbhttps:\/\/www.uxban.com\/wp-content\/uploads\/2023\/09\/ayala-i-02.jpg\u00bb title_text=\u00bbayala-i-02&#8243; show_in_lightbox=\u00bbon\u00bb align=\u00bbcenter\u00bb _builder_version=\u00bb4.4.9&#8243;][\/et_pb_image][et_pb_image src=\u00bbhttps:\/\/www.uxban.com\/wp-content\/uploads\/2023\/09\/ayala-i-03.jpg\u00bb title_text=\u00bbayala-i-03&#8243; show_in_lightbox=\u00bbon\u00bb align=\u00bbcenter\u00bb _builder_version=\u00bb4.4.9&#8243;][\/et_pb_image][et_pb_image src=\u00bbhttps:\/\/www.uxban.com\/wp-content\/uploads\/2023\/09\/ayala-i-04.jpg\u00bb title_text=\u00bbayala-i-04&#8243; show_in_lightbox=\u00bbon\u00bb align=\u00bbcenter\u00bb _builder_version=\u00bb4.4.9&#8243;][\/et_pb_image][et_pb_image src=\u00bbhttps:\/\/www.uxban.com\/wp-content\/uploads\/2023\/09\/ayala-i-05.jpg\u00bb title_text=\u00bbayala-i-05&#8243; show_in_lightbox=\u00bbon\u00bb align=\u00bbcenter\u00bb _builder_version=\u00bb4.4.9&#8243;][\/et_pb_image][et_pb_image src=\u00bbhttps:\/\/www.uxban.com\/wp-content\/uploads\/2023\/09\/ayala-i-06-01.jpg\u00bb title_text=\u00bbayala-i-06-01&#8243; show_in_lightbox=\u00bbon\u00bb align=\u00bbcenter\u00bb _builder_version=\u00bb4.4.9&#8243;][\/et_pb_image][et_pb_image src=\u00bbhttps:\/\/www.uxban.com\/wp-content\/uploads\/2023\/09\/ayala-i-06-02.jpg\u00bb title_text=\u00bbayala-i-06-02&#8243; show_in_lightbox=\u00bbon\u00bb align=\u00bbcenter\u00bb _builder_version=\u00bb4.4.9&#8243;][\/et_pb_image][et_pb_image src=\u00bbhttps:\/\/www.uxban.com\/wp-content\/uploads\/2023\/09\/ayala-i-06-03.jpg\u00bb title_text=\u00bbayala-i-06-03&#8243; show_in_lightbox=\u00bbon\u00bb align=\u00bbcenter\u00bb _builder_version=\u00bb4.4.9&#8243;][\/et_pb_image][et_pb_image src=\u00bbhttps:\/\/www.uxban.com\/wp-content\/uploads\/2023\/09\/ayala-i-06-04.jpg\u00bb title_text=\u00bbayala-i-06-04&#8243; show_in_lightbox=\u00bbon\u00bb align=\u00bbcenter\u00bb _builder_version=\u00bb4.4.9&#8243;][\/et_pb_image][et_pb_image src=\u00bbhttps:\/\/www.uxban.com\/wp-content\/uploads\/2023\/09\/ayala-i-06-05.jpg\u00bb title_text=\u00bbayala-i-06-05&#8243; show_in_lightbox=\u00bbon\u00bb align=\u00bbcenter\u00bb _builder_version=\u00bb4.4.9&#8243;][\/et_pb_image][et_pb_image src=\u00bbhttps:\/\/www.uxban.com\/wp-content\/uploads\/2023\/09\/ayala-i-06-06.jpg\u00bb title_text=\u00bbayala-i-06-06&#8243; show_in_lightbox=\u00bbon\u00bb align=\u00bbcenter\u00bb _builder_version=\u00bb4.4.9&#8243;][\/et_pb_image][et_pb_image src=\u00bbhttps:\/\/www.uxban.com\/wp-content\/uploads\/2023\/09\/ayala-i-06-07.jpg\u00bb title_text=\u00bbayala-i-06-07&#8243; show_in_lightbox=\u00bbon\u00bb align=\u00bbcenter\u00bb _builder_version=\u00bb4.4.9&#8243;][\/et_pb_image][et_pb_image src=\u00bbhttps:\/\/www.uxban.com\/wp-content\/uploads\/2023\/09\/ayala-i-06-08.jpg\u00bb title_text=\u00bbayala-i-06-08&#8243; show_in_lightbox=\u00bbon\u00bb align=\u00bbcenter\u00bb _builder_version=\u00bb4.4.9&#8243;][\/et_pb_image][\/et_pb_column][\/et_pb_row][\/et_pb_section][et_pb_section fb_built=\u00bb1&#8243; module_id=\u00bbvivienda-barrio-container\u00bb _builder_version=\u00bb3.27.4&#8243;][et_pb_row column_structure=\u00bb1_2,1_2&#8243; make_equal=\u00bbon\u00bb admin_label=\u00bbid:vivienda-barrio\u00bb module_id=\u00bbvivienda-barrio\u00bb _builder_version=\u00bb4.4.9&#8243; background_enable_image=\u00bboff\u00bb max_width=\u00bb835px\u00bb][et_pb_column type=\u00bb1_2&#8243; _builder_version=\u00bb4.4.9&#8243; background_image=\u00bbhttps:\/\/www.uxban.com\/wp-content\/uploads\/2023\/09\/ayala-i-07.jpg\u00bb][\/et_pb_column][et_pb_column type=\u00bb1_2&#8243; _builder_version=\u00bb4.4.9&#8243;][et_pb_text admin_label=\u00bbid:vivienda-barrio-text\u00bb module_id=\u00bbvivienda-barrio-text\u00bb _builder_version=\u00bb4.4.9&#8243; text_orientation=\u00bbcenter\u00bb]<\/p>\n<h3>La esencia del Barrio de Salamanca la encuentras en Goya.<\/h3>\n<p>Es el barrio m\u00e1s animado de los que componen este famoso distrito madrile\u00f1o. Est\u00e1 delimitado por las calles Pr\u00edncipe de Vergara, Don Ram\u00f3n de la Cruz, Doctor Esquerdo y O\u2019Donnell. Por \u00e9l atraviesan las calles Goya y Alcal\u00e1, que en esta zona se convierten en dos arterias de vida comercial, de restauraci\u00f3n y de ocio.<\/p>\n<p>No hay nada que no puedas hacer en \u00e9l. Siempre repletas de paseantes, sus calles son pura alegr\u00eda. Adem\u00e1s tiene edificios muy importantes de otros usos distintos del comercial como la Real Casa de la Moneda y el Palacio de los Deportes.<\/p>\n<p>[\/et_pb_text][\/et_pb_column][\/et_pb_row][et_pb_row column_structure=\u00bb1_2,1_2&#8243; make_equal=\u00bbon\u00bb admin_label=\u00bbid:vivienda-caracteristicas\u00bb module_id=\u00bbvivienda-caracteristicas\u00bb _builder_version=\u00bb3.27.4&#8243; background_enable_image=\u00bboff\u00bb max_width=\u00bb835px\u00bb][et_pb_column type=\u00bb1_2&#8243; _builder_version=\u00bb3.27.4&#8243; background_enable_image=\u00bboff\u00bb][et_pb_text _builder_version=\u00bb4.4.9&#8243;]<\/p>\n<table>\n<tr>\n<td class=\"titular\">Localizaci\u00f3n<\/td>\n<td>Calle Ayala (Madrid)<\/td>\n<\/tr>\n<tr>\n<td class=\"titular\">Tipo<\/td>\n<td>Piso<\/td>\n<\/tr>\n<tr>\n<td class=\"titular\">Fecha<\/td>\n<td>Junio 2017<\/td>\n<\/tr>\n<tr>\n<td class=\"titular\">Superf\u00edcie<\/td>\n<td>137 m\u00b2 construidos<\/td>\n<\/tr>\n<\/table>\n<p>[\/et_pb_text][\/et_pb_column][et_pb_column type=\u00bb1_2&#8243; _builder_version=\u00bb3.27.4&#8243;][et_pb_text _builder_version=\u00bb4.4.9&#8243; text_orientation=\u00bbcenter\u00bb]<\/p>\n<table>\n<tr>\n<td class=\"titular\">Caracter\u00edsticas<\/td>\n<td>N\u00ba de dormitorios<\/td>\n<td>3<\/td>\n<\/tr>\n<tr>\n<td><\/td>\n<td>N\u00ba de ba\u00f1os<\/td>\n<td>3<\/td>\n<\/tr>\n<tr>\n<td><\/td>\n<td>Trastero<\/td>\n<td>No<\/td>\n<\/tr>\n<tr>\n<td><\/td>\n<td>Garaje<\/td>\n<td>No<\/td>\n<\/tr>\n<tr>\n<td><\/td>\n<td><\/td>\n<td><\/td>\n<\/tr>\n<\/table>\n<p>[\/et_pb_text][\/et_pb_column][\/et_pb_row][\/et_pb_section][et_pb_section fb_built=\u00bb1&#8243; disabled_on=\u00bboff|off|off\u00bb admin_label=\u00bb\u00bfTE INTERESA ESTA VIVIENDA?\u00bb module_id=\u00bbvivienda-te-interesa\u00bb _builder_version=\u00bb3.27.4&#8243; background_color=\u00bb#F7F6F2&#8243; collapsed=\u00bboff\u00bb][et_pb_row column_structure=\u00bb1_2,1_2&#8243; make_equal=\u00bbon\u00bb _builder_version=\u00bb3.27.4&#8243;][et_pb_column type=\u00bb1_2&#8243; module_id=\u00bbvivienda-te-interesa-texto\u00bb _builder_version=\u00bb3.27.4&#8243;][et_pb_text content_last_edited=\u00bboff|desktop\u00bb _builder_version=\u00bb4.4.9&#8243;]<\/p>\n<h3>\u00bfTE INTERESA ESTA VIVIENDA?<\/h3>\n<p>Escr\u00edbenos y te facilitaremos informaci\u00f3n detallada tanto de las viviendas que tenemos disponibles en este momento como de aquellas que estamos rehabilitando.<\/p>\n<p><a href=\"\/contacto\/\">Contacta con nosotros<\/a><\/p>\n<p>[\/et_pb_text][\/et_pb_column][et_pb_column type=\u00bb1_2&#8243; _builder_version=\u00bb3.27.4&#8243;][et_pb_image src=\u00bbhttp:\/\/www.uxban.com\/wp-content\/uploads\/2020\/07\/viviendas-contacto.jpg\u00bb src_last_edited=\u00bboff|desktop\u00bb _builder_version=\u00bb4.4.9&#8243;][\/et_pb_image][\/et_pb_column][\/et_pb_row][\/et_pb_section][et_pb_section fb_built=\u00bb1&#8243; disabled_on=\u00bbon|on|on\u00bb admin_label=\u00bb\u00bfTE INTERESA ESTA VIVIENDA?\u00bb module_id=\u00bbvivienda-te-interesa\u00bb _builder_version=\u00bb4.4.9&#8243; background_color=\u00bb#F7F6F2&#8243; disabled=\u00bbon\u00bb][et_pb_row column_structure=\u00bb1_2,1_2&#8243; make_equal=\u00bbon\u00bb _builder_version=\u00bb3.27.4&#8243;][et_pb_column type=\u00bb1_2&#8243; module_id=\u00bbvivienda-te-interesa-texto\u00bb _builder_version=\u00bb3.27.4&#8243;][et_pb_text _builder_version=\u00bb3.27.4&#8243;]<\/p>\n<h3>\u00bfTE INTERESA ESTA VIVIENDA?<\/h3>\n<p>Lorem ipsum dolor sit amet, consetetur sadipscing elitr, sed diam nonumy eirmod tempor invidunt ut labore et dolore magna aliquyam erat, sed diam voluptua.<\/p>\n<p><a href=\"#\">Contacta con nosotros<\/a><\/p>\n<p>[\/et_pb_text][\/et_pb_column][et_pb_column type=\u00bb1_2&#8243; _builder_version=\u00bb3.27.4&#8243;][\/et_pb_column][\/et_pb_row][\/et_pb_section][et_pb_section fb_built=\u00bb1&#8243; disabled_on=\u00bbon|on|on\u00bb module_id=\u00bbvivienda-ver-otra\u00bb _builder_version=\u00bb3.27.4&#8243; background_color=\u00bbrgba(0,0,0,0.3)\u00bb background_image=\u00bbhttps:\/\/www.uxban.com\/wp-content\/uploads\/2019\/10\/vivienda-otras-viviendas.jpg\u00bb background_blend=\u00bbmultiply\u00bb disabled=\u00bbon\u00bb][et_pb_row _builder_version=\u00bb3.27.4&#8243;][et_pb_column type=\u00bb4_4&#8243; _builder_version=\u00bb3.27.4&#8243;][et_pb_text _builder_version=\u00bb3.27.4&#8243; text_orientation=\u00bbcenter\u00bb background_layout=\u00bbdark\u00bb]<\/p>\n<h3>SINGULAR<br \/>\u00c1TICO<\/h3>\n<p>[\/et_pb_text][et_pb_button button_url=\u00bb#\u00bb button_text=\u00bbVer vivienda\u00bb button_alignment=\u00bbcenter\u00bb _builder_version=\u00bb3.27.4&#8243; background_layout=\u00bbdark\u00bb][\/et_pb_button][\/et_pb_column][\/et_pb_row][\/et_pb_section]<\/p>\n","protected":false},"excerpt":{"rendered":"<p>En uno de los edificios m\u00e1s bellos y ornamentados de esta calle del Barrio de Salamanca, se encuentra esta preciosa y atractiva casa de revista.<\/p>\n","protected":false},"featured_media":24117,"template":"","meta":{"_et_pb_use_builder":"on","_et_pb_old_content":"","_et_gb_content_width":""},"class_list":["post-24110","vivienda","type-vivienda","status-publish","has-post-thumbnail","hentry"],"acf":{"mostrar_boton_mas_informacion":false,"destacar_hamburguesa":false,"destacar_viviendas":true},"_links":{"self":[{"href":"https:\/\/www.uxban.com\/es\/wp-json\/wp\/v2\/vivienda\/24110","targetHints":{"allow":["GET"]}}],"collection":[{"href":"https:\/\/www.uxban.com\/es\/wp-json\/wp\/v2\/vivienda"}],"about":[{"href":"https:\/\/www.uxban.com\/es\/wp-json\/wp\/v2\/types\/vivienda"}],"version-history":[{"count":16,"href":"https:\/\/www.uxban.com\/es\/wp-json\/wp\/v2\/vivienda\/24110\/revisions"}],"predecessor-version":[{"id":24169,"href":"https:\/\/www.uxban.com\/es\/wp-json\/wp\/v2\/vivienda\/24110\/revisions\/24169"}],"wp:featuredmedia":[{"embeddable":true,"href":"https:\/\/www.uxban.com\/es\/wp-json\/wp\/v2\/media\/24117"}],"wp:attachment":[{"href":"https:\/\/www.uxban.com\/es\/wp-json\/wp\/v2\/media?parent=24110"}],"curies":[{"name":"wp","href":"https:\/\/api.w.org\/{rel}","templated":true}]}}