{"id":20247,"date":"2020-04-04T15:12:16","date_gmt":"2020-04-04T13:12:16","guid":{"rendered":"http:\/\/www.uxban.com\/?post_type=vivienda&#038;p=20247"},"modified":"2020-11-30T21:31:45","modified_gmt":"2020-11-30T20:31:45","slug":"alfonso-xi","status":"publish","type":"vivienda","link":"https:\/\/www.uxban.com\/es\/vivienda\/alfonso-xi\/","title":{"rendered":"Alfonso XI"},"content":{"rendered":"<p>[et_pb_section fb_built=\u00bb1&#8243; fullwidth=\u00bbon\u00bb module_id=\u00bbvivienda-header\u00bb _builder_version=\u00bb3.27.4&#8243; background_color=\u00bb#000000&#8243;][et_pb_fullwidth_header title=\u00bbUN \u00c1TICO SINGULAR\u00bb header_fullscreen=\u00bbon\u00bb _builder_version=\u00bb3.27.4&#8243; background_enable_color=\u00bboff\u00bb background_image=\u00bbhttps:\/\/www.uxban.com\/wp-content\/uploads\/2020\/04\/alfonso-xi-01.jpg\u00bb parallax=\u00bbon\u00bb parallax_method=\u00bbon\u00bb animation_style=\u00bbfade\u00bb animation_delay=\u00bb250ms\u00bb][\/et_pb_fullwidth_header][\/et_pb_section][et_pb_section fb_built=\u00bb1&#8243; module_id=\u00bbvivienda-container\u00bb _builder_version=\u00bb3.27.4&#8243;][et_pb_row module_id=\u00bbvivienda-text-1-container\u00bb _builder_version=\u00bb3.27.4&#8243; max_width=\u00bb700px\u00bb][et_pb_column type=\u00bb4_4&#8243; _builder_version=\u00bb3.27.4&#8243;][et_pb_text module_id=\u00bbvivienda-text-1&#8243; _builder_version=\u00bb4.4.9&#8243; text_orientation=\u00bbcenter\u00bb]<\/p>\n<h2>\u00c1tico de ensue\u00f1o en el que se puede disfrutar de uno de los atardeceres m\u00e1s impresionantes con vistas al Ayuntamiento de Madrid.<\/h2>\n<p>La casa se ubica en un edificio de l\u00edneas sencillas pero con detalles de arquitecto de autor: el ascensor de los espejos, la escalera con reminiscencias Art Dec\u00f3, las puertas de gran porte decoradas con molduras repujadas\u2026<\/p>\n<p>[\/et_pb_text][\/et_pb_column][\/et_pb_row][et_pb_row module_id=\u00bbvivienda-imagen-container-1&#8243; _builder_version=\u00bb3.27.4&#8243;][et_pb_column type=\u00bb4_4&#8243; _builder_version=\u00bb3.27.4&#8243;][et_pb_image src=\u00bbhttps:\/\/www.uxban.com\/wp-content\/uploads\/2020\/04\/alfonso-xi-02.jpg\u00bb show_in_lightbox=\u00bbon\u00bb align=\u00bbcenter\u00bb module_id=\u00bbvivienda-imagen-1&#8243; _builder_version=\u00bb3.27.4&#8243;][\/et_pb_image][\/et_pb_column][\/et_pb_row][et_pb_row column_structure=\u00bb1_2,1_2&#8243; make_equal=\u00bbon\u00bb module_id=\u00bbvivienda-imagen-container-2&#8243; module_class=\u00bbimages-middle\u00bb _builder_version=\u00bb3.27.4&#8243;][et_pb_column type=\u00bb1_2&#8243; _builder_version=\u00bb3.27.4&#8243;][et_pb_image src=\u00bbhttps:\/\/www.uxban.com\/wp-content\/uploads\/2020\/04\/alfonso-xi-03.jpg\u00bb show_in_lightbox=\u00bbon\u00bb align=\u00bbcenter\u00bb module_id=\u00bbvivienda-imagen-2&#8243; _builder_version=\u00bb3.27.4&#8243;][\/et_pb_image][\/et_pb_column][et_pb_column type=\u00bb1_2&#8243; _builder_version=\u00bb3.27.4&#8243;][et_pb_image src=\u00bbhttps:\/\/www.uxban.com\/wp-content\/uploads\/2020\/04\/alfonso-xi-04.jpg\u00bb show_in_lightbox=\u00bbon\u00bb align=\u00bbcenter\u00bb module_id=\u00bbvivienda-imagen-3&#8243; _builder_version=\u00bb3.27.4&#8243;][\/et_pb_image][\/et_pb_column][\/et_pb_row][et_pb_row module_id=\u00bbvivienda-text-2-container\u00bb _builder_version=\u00bb3.27.4&#8243; max_width=\u00bb700px\u00bb][et_pb_column type=\u00bb4_4&#8243; _builder_version=\u00bb3.27.4&#8243;][et_pb_text module_id=\u00bbvivienda-text-2&#8243; _builder_version=\u00bb4.4.9&#8243; text_orientation=\u00bbcenter\u00bb]<\/p>\n<h2>El proyecto de arquitectura se centr\u00f3 en unificar el estudio del arquitecto creador del edificio sito en el sobre\u00e1tico con la planta sexta.<\/h2>\n<p>Ambas plantas tienen su propia terraza, por lo que se le puede otorgar un car\u00e1cter y uso diferente a cada una de ellas. La de abajo est\u00e1 pr\u00f3xima a la cocina y es perfecta de comedor al aire libre; la superior es recreativa, un sol\u00e1rium insuperable.<\/p>\n<p>[\/et_pb_text][\/et_pb_column][\/et_pb_row][\/et_pb_section][et_pb_section fb_built=\u00bb1&#8243; fullwidth=\u00bbon\u00bb module_id=\u00bbvivienda-galeria\u00bb _builder_version=\u00bb3.27.4&#8243;][et_pb_fullwidth_slider module_class=\u00bbfull-height\u00bb _builder_version=\u00bb3.27.4&#8243; background_color=\u00bb#000000&#8243;][et_pb_slide _builder_version=\u00bb3.27.4&#8243; background_color=\u00bb#000000&#8243; background_enable_color=\u00bbon\u00bb background_image=\u00bbhttps:\/\/www.uxban.com\/wp-content\/uploads\/2020\/04\/alfonso-xi-05.jpg\u00bb background_enable_image=\u00bbon\u00bb][\/et_pb_slide][et_pb_slide _builder_version=\u00bb3.27.4&#8243; background_color=\u00bb#000000&#8243; background_enable_color=\u00bbon\u00bb background_image=\u00bbhttps:\/\/www.uxban.com\/wp-content\/uploads\/2020\/04\/alfonso-xi-06-01.jpg\u00bb background_enable_image=\u00bbon\u00bb][\/et_pb_slide][et_pb_slide _builder_version=\u00bb3.27.4&#8243; background_color=\u00bb#000000&#8243; background_enable_color=\u00bbon\u00bb background_image=\u00bbhttps:\/\/www.uxban.com\/wp-content\/uploads\/2020\/04\/alfonso-xi-06-02.jpg\u00bb background_enable_image=\u00bbon\u00bb][\/et_pb_slide][et_pb_slide _builder_version=\u00bb3.27.4&#8243; background_color=\u00bb#000000&#8243; background_enable_color=\u00bbon\u00bb background_image=\u00bbhttps:\/\/www.uxban.com\/wp-content\/uploads\/2020\/04\/alfonso-xi-06-03.jpg\u00bb background_enable_image=\u00bbon\u00bb][\/et_pb_slide][et_pb_slide _builder_version=\u00bb3.27.4&#8243; background_color=\u00bb#000000&#8243; background_enable_color=\u00bbon\u00bb background_image=\u00bbhttps:\/\/www.uxban.com\/wp-content\/uploads\/2020\/04\/alfonso-xi-06-04.jpg\u00bb background_enable_image=\u00bbon\u00bb][\/et_pb_slide][et_pb_slide _builder_version=\u00bb3.27.4&#8243; background_color=\u00bb#000000&#8243; background_enable_color=\u00bbon\u00bb background_image=\u00bbhttps:\/\/www.uxban.com\/wp-content\/uploads\/2020\/04\/alfonso-xi-06-05.jpg\u00bb background_enable_image=\u00bbon\u00bb][\/et_pb_slide][et_pb_slide _builder_version=\u00bb3.27.4&#8243; background_color=\u00bb#000000&#8243; background_enable_color=\u00bbon\u00bb background_image=\u00bbhttps:\/\/www.uxban.com\/wp-content\/uploads\/2020\/04\/alfonso-xi-06-06.jpg\u00bb background_enable_image=\u00bbon\u00bb][\/et_pb_slide][et_pb_slide _builder_version=\u00bb3.27.4&#8243; background_color=\u00bb#000000&#8243; background_enable_color=\u00bbon\u00bb background_image=\u00bbhttps:\/\/www.uxban.com\/wp-content\/uploads\/2020\/04\/alfonso-xi-06-07.jpg\u00bb background_enable_image=\u00bbon\u00bb][\/et_pb_slide][et_pb_slide _builder_version=\u00bb3.27.4&#8243; background_color=\u00bb#000000&#8243; background_enable_color=\u00bbon\u00bb background_image=\u00bbhttps:\/\/www.uxban.com\/wp-content\/uploads\/2020\/04\/alfonso-xi-06-08.jpg\u00bb background_enable_image=\u00bbon\u00bb][\/et_pb_slide][et_pb_slide _builder_version=\u00bb3.27.4&#8243; background_color=\u00bb#000000&#8243; background_enable_color=\u00bbon\u00bb background_image=\u00bbhttps:\/\/www.uxban.com\/wp-content\/uploads\/2020\/04\/alfonso-xi-06-09.jpg\u00bb background_enable_image=\u00bbon\u00bb][\/et_pb_slide][et_pb_slide _builder_version=\u00bb3.27.4&#8243; background_color=\u00bb#000000&#8243; background_enable_color=\u00bbon\u00bb background_image=\u00bbhttps:\/\/www.uxban.com\/wp-content\/uploads\/2020\/04\/alfonso-xi-06-10.jpg\u00bb background_enable_image=\u00bbon\u00bb][\/et_pb_slide][\/et_pb_fullwidth_slider][\/et_pb_section][et_pb_section fb_built=\u00bb1&#8243; admin_label=\u00bbSLIDER DE IM\u00c1GENES\u00bb module_id=\u00bbvivienda-slider\u00bb _builder_version=\u00bb3.27.4&#8243;][et_pb_row admin_label=\u00bbFila\u00bb module_class=\u00bbvivienda-image-slider\u00bb _builder_version=\u00bb3.27.4&#8243; width=\u00bb100%\u00bb max_width=\u00bb2560px\u00bb][et_pb_column type=\u00bb4_4&#8243; _builder_version=\u00bb3.27.4&#8243;][et_pb_image src=\u00bbhttps:\/\/www.uxban.com\/wp-content\/uploads\/2020\/04\/alfonso-xi-01.jpg\u00bb show_in_lightbox=\u00bbon\u00bb align=\u00bbcenter\u00bb _builder_version=\u00bb3.27.4&#8243;][\/et_pb_image][et_pb_image src=\u00bbhttps:\/\/www.uxban.com\/wp-content\/uploads\/2020\/04\/alfonso-xi-02.jpg\u00bb show_in_lightbox=\u00bbon\u00bb align=\u00bbcenter\u00bb _builder_version=\u00bb3.27.4&#8243;][\/et_pb_image][et_pb_image src=\u00bbhttps:\/\/www.uxban.com\/wp-content\/uploads\/2020\/04\/alfonso-xi-03.jpg\u00bb show_in_lightbox=\u00bbon\u00bb align=\u00bbcenter\u00bb _builder_version=\u00bb3.27.4&#8243;][\/et_pb_image][et_pb_image src=\u00bbhttps:\/\/www.uxban.com\/wp-content\/uploads\/2020\/04\/alfonso-xi-04.jpg\u00bb show_in_lightbox=\u00bbon\u00bb align=\u00bbcenter\u00bb _builder_version=\u00bb3.27.4&#8243;][\/et_pb_image][et_pb_image src=\u00bbhttps:\/\/www.uxban.com\/wp-content\/uploads\/2020\/04\/alfonso-xi-05.jpg\u00bb show_in_lightbox=\u00bbon\u00bb align=\u00bbcenter\u00bb _builder_version=\u00bb3.27.4&#8243;][\/et_pb_image][et_pb_image src=\u00bbhttps:\/\/www.uxban.com\/wp-content\/uploads\/2020\/04\/alfonso-xi-06-01.jpg\u00bb show_in_lightbox=\u00bbon\u00bb align=\u00bbcenter\u00bb _builder_version=\u00bb3.27.4&#8243;][\/et_pb_image][et_pb_image src=\u00bbhttps:\/\/www.uxban.com\/wp-content\/uploads\/2020\/04\/alfonso-xi-06-02.jpg\u00bb show_in_lightbox=\u00bbon\u00bb align=\u00bbcenter\u00bb _builder_version=\u00bb3.27.4&#8243;][\/et_pb_image][et_pb_image src=\u00bbhttps:\/\/www.uxban.com\/wp-content\/uploads\/2020\/04\/alfonso-xi-06-03.jpg\u00bb show_in_lightbox=\u00bbon\u00bb align=\u00bbcenter\u00bb _builder_version=\u00bb3.27.4&#8243;][\/et_pb_image][et_pb_image src=\u00bbhttps:\/\/www.uxban.com\/wp-content\/uploads\/2020\/04\/alfonso-xi-06-04.jpg\u00bb show_in_lightbox=\u00bbon\u00bb align=\u00bbcenter\u00bb _builder_version=\u00bb3.27.4&#8243;][\/et_pb_image][et_pb_image src=\u00bbhttps:\/\/www.uxban.com\/wp-content\/uploads\/2020\/04\/alfonso-xi-06-05.jpg\u00bb show_in_lightbox=\u00bbon\u00bb align=\u00bbcenter\u00bb _builder_version=\u00bb3.27.4&#8243;][\/et_pb_image][et_pb_image src=\u00bbhttps:\/\/www.uxban.com\/wp-content\/uploads\/2020\/04\/alfonso-xi-06-06.jpg\u00bb show_in_lightbox=\u00bbon\u00bb align=\u00bbcenter\u00bb _builder_version=\u00bb3.27.4&#8243;][\/et_pb_image][et_pb_image src=\u00bbhttps:\/\/www.uxban.com\/wp-content\/uploads\/2020\/04\/alfonso-xi-06-07.jpg\u00bb show_in_lightbox=\u00bbon\u00bb align=\u00bbcenter\u00bb _builder_version=\u00bb3.27.4&#8243;][\/et_pb_image][et_pb_image src=\u00bbhttps:\/\/www.uxban.com\/wp-content\/uploads\/2020\/04\/alfonso-xi-06-08.jpg\u00bb show_in_lightbox=\u00bbon\u00bb align=\u00bbcenter\u00bb _builder_version=\u00bb3.27.4&#8243;][\/et_pb_image][et_pb_image src=\u00bbhttps:\/\/www.uxban.com\/wp-content\/uploads\/2020\/04\/alfonso-xi-06-09.jpg\u00bb show_in_lightbox=\u00bbon\u00bb align=\u00bbcenter\u00bb _builder_version=\u00bb3.27.4&#8243;][\/et_pb_image][et_pb_image src=\u00bbhttps:\/\/www.uxban.com\/wp-content\/uploads\/2020\/04\/alfonso-xi-06-10.jpg\u00bb show_in_lightbox=\u00bbon\u00bb align=\u00bbcenter\u00bb _builder_version=\u00bb3.27.4&#8243;][\/et_pb_image][\/et_pb_column][\/et_pb_row][\/et_pb_section][et_pb_section fb_built=\u00bb1&#8243; module_id=\u00bbvivienda-barrio-container\u00bb _builder_version=\u00bb3.27.4&#8243;][et_pb_row column_structure=\u00bb1_2,1_2&#8243; make_equal=\u00bbon\u00bb admin_label=\u00bbid:vivienda-barrio\u00bb module_id=\u00bbvivienda-barrio\u00bb _builder_version=\u00bb3.27.4&#8243; background_enable_image=\u00bboff\u00bb max_width=\u00bb835px\u00bb][et_pb_column type=\u00bb1_2&#8243; _builder_version=\u00bb3.27.4&#8243; background_image=\u00bbhttps:\/\/www.uxban.com\/wp-content\/uploads\/2020\/04\/alfonso-xi-07.jpg\u00bb][\/et_pb_column][et_pb_column type=\u00bb1_2&#8243; _builder_version=\u00bb3.27.4&#8243;][et_pb_text admin_label=\u00bbid:vivienda-barrio-text\u00bb module_id=\u00bbvivienda-barrio-text\u00bb _builder_version=\u00bb4.4.9&#8243; text_orientation=\u00bbcenter\u00bb]<\/p>\n<h3>El verdadero lujo de vivir en Jer\u00f3nimos.<\/h3>\n<p>Erigido sobre los antiguos terrenos del Real Sitio del Buen Retiro, debe su nombre al antiguo monasterio que fue trasladado a este lugar en el siglo XVI. En ellos se levantaron algunos hitos urbanos como el mundialmente conocido Museo del Prado, el Cas\u00f3n del Buen Retiro o el Jard\u00edn Bot\u00e1nico.<\/p>\n<p>Pasear por sus hist\u00f3ricas calles es admirar algunos de los edificios m\u00e1s codiciados y bellos de la ciudad. Se caracteriza por su paz y tranquilidad; por algo era el lugar de descanso para la monarqu\u00eda desde hace varios siglos.<\/p>\n<p>[\/et_pb_text][\/et_pb_column][\/et_pb_row][et_pb_row column_structure=\u00bb1_2,1_2&#8243; make_equal=\u00bbon\u00bb admin_label=\u00bbid:vivienda-caracteristicas\u00bb module_id=\u00bbvivienda-caracteristicas\u00bb _builder_version=\u00bb3.27.4&#8243; background_enable_image=\u00bboff\u00bb max_width=\u00bb835px\u00bb][et_pb_column type=\u00bb1_2&#8243; _builder_version=\u00bb3.27.4&#8243; background_enable_image=\u00bboff\u00bb][et_pb_text _builder_version=\u00bb3.27.4&#8243;]<\/p>\n<table>\n<tr>\n<td class=\"titular\">Localizaci\u00f3n<\/td>\n<td>Calle Alfonso XI (Madrid)<\/td>\n<\/tr>\n<tr>\n<td class=\"titular\">Tipo<\/td>\n<td>\u00c1tico<\/td>\n<\/tr>\n<tr>\n<td class=\"titular\">Fecha<\/td>\n<td>Marzo 2019<\/td>\n<\/tr>\n<tr>\n<td class=\"titular\">Superf\u00edcie<\/td>\n<td>226 m\u00b2 construidos<\/td>\n<\/tr>\n<\/table>\n<p>[\/et_pb_text][\/et_pb_column][et_pb_column type=\u00bb1_2&#8243; _builder_version=\u00bb3.27.4&#8243;][et_pb_text _builder_version=\u00bb3.27.4&#8243; text_orientation=\u00bbcenter\u00bb]<\/p>\n<table>\n<tr>\n<td class=\"titular\">Caracter\u00edsticas<\/td>\n<td>N\u00ba de dormitorios<\/td>\n<td>3<\/td>\n<\/tr>\n<tr>\n<td><\/td>\n<td>N\u00ba de ba\u00f1os<\/td>\n<td>3<\/td>\n<\/tr>\n<tr>\n<td><\/td>\n<td>Trastero<\/td>\n<td>S\u00ed<\/td>\n<\/tr>\n<tr>\n<td><\/td>\n<td>Garaje<\/td>\n<td>No<\/td>\n<\/tr>\n<tr>\n<td><\/td>\n<td><\/td>\n<td><\/td>\n<\/tr>\n<\/table>\n<p>[\/et_pb_text][\/et_pb_column][\/et_pb_row][\/et_pb_section][et_pb_section fb_built=\u00bb1&#8243; disabled_on=\u00bboff|off|off\u00bb admin_label=\u00bb\u00bfTE INTERESA ESTA VIVIENDA?\u00bb module_id=\u00bbvivienda-te-interesa\u00bb _builder_version=\u00bb3.27.4&#8243; background_color=\u00bb#F7F6F2&#8243;][et_pb_row column_structure=\u00bb1_2,1_2&#8243; make_equal=\u00bbon\u00bb _builder_version=\u00bb3.27.4&#8243;][et_pb_column type=\u00bb1_2&#8243; module_id=\u00bbvivienda-te-interesa-texto\u00bb _builder_version=\u00bb3.27.4&#8243;][et_pb_text _builder_version=\u00bb4.4.9&#8243;]<\/p>\n<h3>\u00bfTE INTERESA ESTA VIVIENDA?<\/h3>\n<p>Escr\u00edbenos y te facilitaremos informaci\u00f3n detallada tanto de las viviendas que tenemos disponibles en este momento como de aquellas que estamos rehabilitando.<\/p>\n<p><a href=\"\/contacto\/\">Contacta con nosotros<\/a><\/p>\n<p>[\/et_pb_text][\/et_pb_column][et_pb_column type=\u00bb1_2&#8243; _builder_version=\u00bb3.27.4&#8243;][et_pb_image src=\u00bbhttps:\/\/www.uxban.com\/wp-content\/uploads\/2020\/07\/viviendas-contacto.jpg\u00bb title_text=\u00bbviviendas-contacto\u00bb _builder_version=\u00bb4.4.9&#8243;][\/et_pb_image][\/et_pb_column][\/et_pb_row][\/et_pb_section][et_pb_section fb_built=\u00bb1&#8243; disabled_on=\u00bbon|on|on\u00bb module_id=\u00bbvivienda-ver-otra\u00bb _builder_version=\u00bb3.27.4&#8243; background_color=\u00bbrgba(0,0,0,0.3)\u00bb background_image=\u00bbhttps:\/\/www.uxban.com\/wp-content\/uploads\/2019\/10\/vivienda-otras-viviendas.jpg\u00bb background_blend=\u00bbmultiply\u00bb disabled=\u00bbon\u00bb][et_pb_row _builder_version=\u00bb3.27.4&#8243;][et_pb_column type=\u00bb4_4&#8243; _builder_version=\u00bb3.27.4&#8243;][et_pb_text _builder_version=\u00bb3.27.4&#8243; text_orientation=\u00bbcenter\u00bb background_layout=\u00bbdark\u00bb]<\/p>\n<h3>SINGULAR<br \/>\u00c1TICO<\/h3>\n<p>[\/et_pb_text][et_pb_button button_url=\u00bb#\u00bb button_text=\u00bbVer vivienda\u00bb button_alignment=\u00bbcenter\u00bb _builder_version=\u00bb3.27.4&#8243; background_layout=\u00bbdark\u00bb][\/et_pb_button][\/et_pb_column][\/et_pb_row][\/et_pb_section]<\/p>\n","protected":false},"excerpt":{"rendered":"<p>Impresionante \u00e1tico-d\u00faplex junto al parque de El Retiro, coronando un edificio de 1.935 del c\u00e9lebre arquitecto racionalista espa\u00f1ol Miguel de los Santos.<\/p>\n","protected":false},"featured_media":20213,"template":"","meta":{"_et_pb_use_builder":"on","_et_pb_old_content":"","_et_gb_content_width":""},"class_list":["post-20247","vivienda","type-vivienda","status-publish","has-post-thumbnail","hentry"],"acf":{"mostrar_boton_mas_informacion":false,"destacar_hamburguesa":false,"destacar_viviendas":false},"_links":{"self":[{"href":"https:\/\/www.uxban.com\/es\/wp-json\/wp\/v2\/vivienda\/20247","targetHints":{"allow":["GET"]}}],"collection":[{"href":"https:\/\/www.uxban.com\/es\/wp-json\/wp\/v2\/vivienda"}],"about":[{"href":"https:\/\/www.uxban.com\/es\/wp-json\/wp\/v2\/types\/vivienda"}],"version-history":[{"count":13,"href":"https:\/\/www.uxban.com\/es\/wp-json\/wp\/v2\/vivienda\/20247\/revisions"}],"predecessor-version":[{"id":22636,"href":"https:\/\/www.uxban.com\/es\/wp-json\/wp\/v2\/vivienda\/20247\/revisions\/22636"}],"wp:featuredmedia":[{"embeddable":true,"href":"https:\/\/www.uxban.com\/es\/wp-json\/wp\/v2\/media\/20213"}],"wp:attachment":[{"href":"https:\/\/www.uxban.com\/es\/wp-json\/wp\/v2\/media?parent=20247"}],"curies":[{"name":"wp","href":"https:\/\/api.w.org\/{rel}","templated":true}]}}