{"id":19874,"date":"2020-04-09T15:34:47","date_gmt":"2020-04-09T13:34:47","guid":{"rendered":"http:\/\/www.uxban.com\/?post_type=vivienda&#038;p=19874"},"modified":"2020-11-30T21:27:51","modified_gmt":"2020-11-30T20:27:51","slug":"almirante-ii","status":"publish","type":"vivienda","link":"https:\/\/www.uxban.com\/es\/vivienda\/almirante-ii\/","title":{"rendered":"Almirante II"},"content":{"rendered":"<p>[et_pb_section fb_built=\u00bb1&#8243; fullwidth=\u00bbon\u00bb module_id=\u00bbvivienda-header\u00bb _builder_version=\u00bb3.27.4&#8243; background_color=\u00bb#000000&#8243;][et_pb_fullwidth_header title=\u00bbVIVIENDA CON ESTILO\u00bb header_fullscreen=\u00bbon\u00bb title_last_edited=\u00bboff|desktop\u00bb _builder_version=\u00bb3.27.4&#8243; content_text_align=\u00bbleft\u00bb background_enable_color=\u00bboff\u00bb background_image=\u00bbhttps:\/\/www.uxban.com\/wp-content\/uploads\/2020\/04\/almirante-ii-01.jpg\u00bb parallax=\u00bbon\u00bb parallax_method=\u00bbon\u00bb animation_style=\u00bbfade\u00bb animation_delay=\u00bb250ms\u00bb title_font_size_tablet=\u00bb60px\u00bb title_font_size_phone=\u00bb\u00bb title_font_size_last_edited=\u00bbon|desktop\u00bb title__hover_enabled=\u00bboff|desktop\u00bb][\/et_pb_fullwidth_header][\/et_pb_section][et_pb_section fb_built=\u00bb1&#8243; module_id=\u00bbvivienda-container\u00bb _builder_version=\u00bb3.27.4&#8243;][et_pb_row module_id=\u00bbvivienda-text-1-container\u00bb _builder_version=\u00bb3.27.4&#8243; max_width=\u00bb700px\u00bb][et_pb_column type=\u00bb4_4&#8243; _builder_version=\u00bb3.27.4&#8243;][et_pb_text module_id=\u00bbvivienda-text-1&#8243; _builder_version=\u00bb3.27.4&#8243; text_orientation=\u00bbcenter\u00bb]<\/p>\n<h2>Elegante vivienda en una de las ubicaciones m\u00e1s privilegiadas de Madrid, a escasos metros de la Plaza de Col\u00f3n y Cibeles.<\/h2>\n<p>La vivienda pertenece a un edificio se\u00f1orial de principios del siglo XX, fachada cl\u00e1sica que recuerda la gran belleza de este hist\u00f3rico lugar. Cuarta planta con orientaci\u00f3n sur es la garant\u00eda de tener una luz incre\u00edble durante todo el d\u00eda.<\/p>\n<p>[\/et_pb_text][\/et_pb_column][\/et_pb_row][et_pb_row module_id=\u00bbvivienda-imagen-container-1&#8243; _builder_version=\u00bb3.27.4&#8243;][et_pb_column type=\u00bb4_4&#8243; _builder_version=\u00bb3.27.4&#8243;][et_pb_image src=\u00bbhttps:\/\/www.uxban.com\/wp-content\/uploads\/2020\/04\/almirante-ii-02.jpg\u00bb show_in_lightbox=\u00bbon\u00bb align=\u00bbcenter\u00bb module_id=\u00bbvivienda-imagen-1&#8243; _builder_version=\u00bb3.27.4&#8243;][\/et_pb_image][\/et_pb_column][\/et_pb_row][et_pb_row column_structure=\u00bb1_2,1_2&#8243; make_equal=\u00bbon\u00bb module_id=\u00bbvivienda-imagen-container-2&#8243; module_class=\u00bbimages-middle\u00bb _builder_version=\u00bb3.27.4&#8243;][et_pb_column type=\u00bb1_2&#8243; _builder_version=\u00bb3.27.4&#8243;][et_pb_image src=\u00bbhttps:\/\/www.uxban.com\/wp-content\/uploads\/2020\/04\/almirante-ii-03.jpg\u00bb show_in_lightbox=\u00bbon\u00bb align=\u00bbcenter\u00bb src_last_edited=\u00bboff|desktop\u00bb module_id=\u00bbvivienda-imagen-2&#8243; _builder_version=\u00bb3.27.4&#8243;][\/et_pb_image][\/et_pb_column][et_pb_column type=\u00bb1_2&#8243; _builder_version=\u00bb3.27.4&#8243;][et_pb_image src=\u00bbhttps:\/\/www.uxban.com\/wp-content\/uploads\/2020\/04\/almirante-ii-04.jpg\u00bb show_in_lightbox=\u00bbon\u00bb align=\u00bbcenter\u00bb module_id=\u00bbvivienda-imagen-3&#8243; _builder_version=\u00bb3.27.4&#8243;][\/et_pb_image][\/et_pb_column][\/et_pb_row][et_pb_row module_id=\u00bbvivienda-text-2-container\u00bb _builder_version=\u00bb3.27.4&#8243; max_width=\u00bb700px\u00bb][et_pb_column type=\u00bb4_4&#8243; _builder_version=\u00bb3.27.4&#8243;][et_pb_text module_id=\u00bbvivienda-text-2&#8243; _builder_version=\u00bb3.27.4&#8243; text_orientation=\u00bbcenter\u00bb]<\/p>\n<h2>La rehabilitaci\u00f3n se ha centrado en recuperar el antiguo esplendor de este espacio, recuperando molduras y columnas cl\u00e1sicas.<\/h2>\n<p>La cocina se entiende como un espacio de relaci\u00f3n entre el \u00e1rea de d\u00eda y el \u00e1rea privada de la vivienda. Es una transici\u00f3n entre los elementos cl\u00e1sicos m\u00e1s cercanos a la fachada y la configuraci\u00f3n m\u00e1s moderna de los dormitorios en torno a los tranquilos patios del edificio.<\/p>\n<p>[\/et_pb_text][\/et_pb_column][\/et_pb_row][\/et_pb_section][et_pb_section fb_built=\u00bb1&#8243; fullwidth=\u00bbon\u00bb module_id=\u00bbvivienda-galeria\u00bb _builder_version=\u00bb3.27.4&#8243;][et_pb_fullwidth_slider module_class=\u00bbfull-height\u00bb _builder_version=\u00bb3.27.4&#8243; background_color=\u00bb#000000&#8243;][et_pb_slide _builder_version=\u00bb3.27.4&#8243; background_color=\u00bb#000000&#8243; background_enable_color=\u00bbon\u00bb background_image=\u00bbhttps:\/\/www.uxban.com\/wp-content\/uploads\/2020\/04\/almirante-ii-05.jpg\u00bb background_enable_image=\u00bbon\u00bb][\/et_pb_slide][et_pb_slide _builder_version=\u00bb3.27.4&#8243; background_color=\u00bb#000000&#8243; background_enable_color=\u00bbon\u00bb background_image=\u00bbhttps:\/\/www.uxban.com\/wp-content\/uploads\/2020\/04\/almirante-ii-06-01.jpg\u00bb background_enable_image=\u00bbon\u00bb][\/et_pb_slide][et_pb_slide _builder_version=\u00bb3.27.4&#8243; background_color=\u00bb#000000&#8243; background_enable_color=\u00bbon\u00bb background_image=\u00bbhttps:\/\/www.uxban.com\/wp-content\/uploads\/2020\/04\/almirante-ii-06-02.jpg\u00bb background_enable_image=\u00bbon\u00bb][\/et_pb_slide][et_pb_slide _builder_version=\u00bb3.27.4&#8243; background_image=\u00bbhttps:\/\/www.uxban.com\/wp-content\/uploads\/2020\/04\/almirante-ii-06-03.jpg\u00bb background_enable_image=\u00bbon\u00bb][\/et_pb_slide][et_pb_slide _builder_version=\u00bb3.27.4&#8243; background_image=\u00bbhttps:\/\/www.uxban.com\/wp-content\/uploads\/2020\/04\/almirante-ii-06-04.jpg\u00bb background_enable_image=\u00bbon\u00bb][\/et_pb_slide][et_pb_slide _builder_version=\u00bb3.27.4&#8243; background_image=\u00bbhttps:\/\/www.uxban.com\/wp-content\/uploads\/2020\/04\/almirante-ii-06-05.jpg\u00bb background_enable_image=\u00bbon\u00bb][\/et_pb_slide][et_pb_slide _builder_version=\u00bb3.27.4&#8243; background_image=\u00bbhttps:\/\/www.uxban.com\/wp-content\/uploads\/2020\/04\/almirante-ii-06-06.jpg\u00bb background_enable_image=\u00bbon\u00bb][\/et_pb_slide][et_pb_slide _builder_version=\u00bb3.27.4&#8243; background_image=\u00bbhttps:\/\/www.uxban.com\/wp-content\/uploads\/2020\/04\/almirante-ii-06-07.jpg\u00bb background_enable_image=\u00bbon\u00bb][\/et_pb_slide][et_pb_slide _builder_version=\u00bb3.27.4&#8243; background_image=\u00bbhttps:\/\/www.uxban.com\/wp-content\/uploads\/2020\/04\/almirante-ii-06-08.jpg\u00bb background_enable_image=\u00bbon\u00bb][\/et_pb_slide][\/et_pb_fullwidth_slider][\/et_pb_section][et_pb_section fb_built=\u00bb1&#8243; admin_label=\u00bbSLIDER DE IM\u00c1GENES\u00bb module_id=\u00bbvivienda-slider\u00bb _builder_version=\u00bb3.27.4&#8243;][et_pb_row admin_label=\u00bbFila\u00bb module_class=\u00bbvivienda-image-slider\u00bb _builder_version=\u00bb3.27.4&#8243; width=\u00bb100%\u00bb max_width=\u00bb2560px\u00bb][et_pb_column type=\u00bb4_4&#8243; _builder_version=\u00bb3.27.4&#8243;][et_pb_image src=\u00bbhttps:\/\/www.uxban.com\/wp-content\/uploads\/2020\/04\/almirante-ii-01.jpg\u00bb show_in_lightbox=\u00bbon\u00bb align=\u00bbcenter\u00bb _builder_version=\u00bb3.27.4&#8243;][\/et_pb_image][et_pb_image src=\u00bbhttps:\/\/www.uxban.com\/wp-content\/uploads\/2020\/04\/almirante-ii-02.jpg\u00bb show_in_lightbox=\u00bbon\u00bb align=\u00bbcenter\u00bb _builder_version=\u00bb3.27.4&#8243;][\/et_pb_image][et_pb_image src=\u00bbhttps:\/\/www.uxban.com\/wp-content\/uploads\/2020\/04\/almirante-ii-03.jpg\u00bb show_in_lightbox=\u00bbon\u00bb align=\u00bbcenter\u00bb _builder_version=\u00bb3.27.4&#8243;][\/et_pb_image][et_pb_image src=\u00bbhttps:\/\/www.uxban.com\/wp-content\/uploads\/2020\/04\/almirante-ii-04.jpg\u00bb show_in_lightbox=\u00bbon\u00bb align=\u00bbcenter\u00bb _builder_version=\u00bb3.27.4&#8243;][\/et_pb_image][et_pb_image src=\u00bbhttps:\/\/www.uxban.com\/wp-content\/uploads\/2020\/04\/almirante-ii-05.jpg\u00bb show_in_lightbox=\u00bbon\u00bb align=\u00bbcenter\u00bb _builder_version=\u00bb3.27.4&#8243;][\/et_pb_image][et_pb_image src=\u00bbhttps:\/\/www.uxban.com\/wp-content\/uploads\/2020\/04\/almirante-ii-06-01.jpg\u00bb show_in_lightbox=\u00bbon\u00bb align=\u00bbcenter\u00bb _builder_version=\u00bb3.27.4&#8243;][\/et_pb_image][et_pb_image src=\u00bbhttps:\/\/www.uxban.com\/wp-content\/uploads\/2020\/04\/almirante-ii-06-02.jpg\u00bb show_in_lightbox=\u00bbon\u00bb align=\u00bbcenter\u00bb _builder_version=\u00bb3.27.4&#8243;][\/et_pb_image][et_pb_image src=\u00bbhttps:\/\/www.uxban.com\/wp-content\/uploads\/2020\/04\/almirante-ii-06-03.jpg\u00bb show_in_lightbox=\u00bbon\u00bb align=\u00bbcenter\u00bb _builder_version=\u00bb3.27.4&#8243;][\/et_pb_image][et_pb_image src=\u00bbhttps:\/\/www.uxban.com\/wp-content\/uploads\/2020\/04\/almirante-ii-06-04.jpg\u00bb show_in_lightbox=\u00bbon\u00bb align=\u00bbcenter\u00bb _builder_version=\u00bb3.27.4&#8243;][\/et_pb_image][et_pb_image src=\u00bbhttps:\/\/www.uxban.com\/wp-content\/uploads\/2020\/04\/almirante-ii-06-05.jpg\u00bb show_in_lightbox=\u00bbon\u00bb align=\u00bbcenter\u00bb _builder_version=\u00bb3.27.4&#8243;][\/et_pb_image][et_pb_image src=\u00bbhttps:\/\/www.uxban.com\/wp-content\/uploads\/2020\/04\/almirante-ii-06-06.jpg\u00bb show_in_lightbox=\u00bbon\u00bb align=\u00bbcenter\u00bb _builder_version=\u00bb3.27.4&#8243;][\/et_pb_image][et_pb_image src=\u00bbhttps:\/\/www.uxban.com\/wp-content\/uploads\/2020\/04\/almirante-ii-06-07.jpg\u00bb show_in_lightbox=\u00bbon\u00bb align=\u00bbcenter\u00bb _builder_version=\u00bb3.27.4&#8243;][\/et_pb_image][et_pb_image src=\u00bbhttps:\/\/www.uxban.com\/wp-content\/uploads\/2020\/04\/almirante-ii-06-08.jpg\u00bb show_in_lightbox=\u00bbon\u00bb align=\u00bbcenter\u00bb _builder_version=\u00bb3.27.4&#8243;][\/et_pb_image][\/et_pb_column][\/et_pb_row][\/et_pb_section][et_pb_section fb_built=\u00bb1&#8243; module_id=\u00bbvivienda-barrio-container\u00bb _builder_version=\u00bb3.27.4&#8243;][et_pb_row column_structure=\u00bb1_2,1_2&#8243; make_equal=\u00bbon\u00bb admin_label=\u00bbid:vivienda-barrio\u00bb module_id=\u00bbvivienda-barrio\u00bb _builder_version=\u00bb3.27.4&#8243; background_enable_image=\u00bboff\u00bb max_width=\u00bb835px\u00bb][et_pb_column type=\u00bb1_2&#8243; _builder_version=\u00bb3.27.4&#8243; background_image=\u00bbhttps:\/\/www.uxban.com\/wp-content\/uploads\/2020\/04\/almirante-ii-07.jpg\u00bb][\/et_pb_column][et_pb_column type=\u00bb1_2&#8243; _builder_version=\u00bb3.27.4&#8243;][et_pb_text admin_label=\u00bbid:vivienda-barrio-text\u00bb module_id=\u00bbvivienda-barrio-text\u00bb _builder_version=\u00bb3.27.4&#8243; text_orientation=\u00bbcenter\u00bb]<\/p>\n<h3>Barrio de Justicia, vivir en el epicentro de la vitalidad.<\/h3>\n<p>Englobado dentro del distrito Centro de la capital espa\u00f1ola, debe su nombre a la presencia en \u00e9l de importantes instituciones como el Tribunal Supremo, Tribunal de Cuentas y la Audiencia Nacional. Se trata de una zona en completa ebullici\u00f3n, con las tiendas, hoteles y restaurantes m\u00e1s chic que se pueden encontrar en la actualidad.<\/p>\n<p>Contiene multitud de edificios hist\u00f3ricos, aut\u00e9nticas maravillas protegidas en muchos casos. A pesar de su antig\u00fcedad, es considerado como un barrio muy moderno y cosmopolita, donde se ha rehabilitado con exquisito gusto el patrimonio inmobiliario.[\/et_pb_text][\/et_pb_column][\/et_pb_row][et_pb_row column_structure=\u00bb1_2,1_2&#8243; make_equal=\u00bbon\u00bb admin_label=\u00bbid:vivienda-caracteristicas\u00bb module_id=\u00bbvivienda-caracteristicas\u00bb _builder_version=\u00bb3.27.4&#8243; background_enable_image=\u00bboff\u00bb max_width=\u00bb835px\u00bb][et_pb_column type=\u00bb1_2&#8243; _builder_version=\u00bb3.27.4&#8243; background_enable_image=\u00bboff\u00bb][et_pb_text _builder_version=\u00bb3.27.4&#8243;]<\/p>\n<table>\n<tr>\n<td class=\"titular\">Localizaci\u00f3n<\/td>\n<td>Calle Almirante (Madrid)<\/td>\n<\/tr>\n<tr>\n<td class=\"titular\">Tipo<\/td>\n<td>Piso<\/td>\n<\/tr>\n<tr>\n<td class=\"titular\">Fecha<\/td>\n<td>Febrero 2020<\/td>\n<\/tr>\n<tr>\n<td class=\"titular\">Superf\u00edcie<\/td>\n<td>173 m\u00b2 construidos<\/td>\n<\/tr>\n<\/table>\n<p>[\/et_pb_text][\/et_pb_column][et_pb_column type=\u00bb1_2&#8243; _builder_version=\u00bb3.27.4&#8243;][et_pb_text _builder_version=\u00bb3.27.4&#8243; text_orientation=\u00bbcenter\u00bb]<\/p>\n<table>\n<tr>\n<td class=\"titular\">Caracter\u00edsticas<\/td>\n<td>N\u00ba de dormitorios<\/td>\n<td>3<\/td>\n<\/tr>\n<tr>\n<td><\/td>\n<td>N\u00ba de ba\u00f1os<\/td>\n<td>4<\/td>\n<\/tr>\n<tr>\n<td><\/td>\n<td>Trastero<\/td>\n<td>No<\/td>\n<\/tr>\n<tr>\n<td><\/td>\n<td>Garaje<\/td>\n<td>No<\/td>\n<\/tr>\n<tr>\n<td><\/td>\n<td><\/td>\n<td><\/td>\n<\/tr>\n<\/table>\n<p>[\/et_pb_text][\/et_pb_column][\/et_pb_row][\/et_pb_section][et_pb_section fb_built=\u00bb1&#8243; disabled_on=\u00bboff|off|off\u00bb admin_label=\u00bb\u00bfTE INTERESA ESTA VIVIENDA?\u00bb module_id=\u00bbvivienda-te-interesa\u00bb _builder_version=\u00bb3.27.4&#8243; background_color=\u00bb#F7F6F2&#8243; collapsed=\u00bboff\u00bb][et_pb_row column_structure=\u00bb1_2,1_2&#8243; make_equal=\u00bbon\u00bb _builder_version=\u00bb3.27.4&#8243;][et_pb_column type=\u00bb1_2&#8243; module_id=\u00bbvivienda-te-interesa-texto\u00bb _builder_version=\u00bb3.27.4&#8243;][et_pb_text content_last_edited=\u00bboff|desktop\u00bb _builder_version=\u00bb4.4.9&#8243;]<\/p>\n<h3>\u00bfTE INTERESA ESTA VIVIENDA?<\/h3>\n<p>Escr\u00edbenos y te facilitaremos informaci\u00f3n detallada tanto de las viviendas que tenemos disponibles en este momento como de aquellas que estamos rehabilitando.<\/p>\n<p><a href=\"\/contacto\/\">Contacta con nosotros<\/a><\/p>\n<p>[\/et_pb_text][\/et_pb_column][et_pb_column type=\u00bb1_2&#8243; _builder_version=\u00bb3.27.4&#8243;][et_pb_image src=\u00bbhttps:\/\/www.uxban.com\/wp-content\/uploads\/2020\/07\/viviendas-contacto.jpg\u00bb src_last_edited=\u00bboff|desktop\u00bb _builder_version=\u00bb4.4.9&#8243;][\/et_pb_image][\/et_pb_column][\/et_pb_row][\/et_pb_section][et_pb_section fb_built=\u00bb1&#8243; disabled_on=\u00bbon|on|on\u00bb module_id=\u00bbvivienda-ver-otra\u00bb _builder_version=\u00bb3.27.4&#8243; background_color=\u00bbrgba(0,0,0,0.3)\u00bb background_image=\u00bbhttps:\/\/www.uxban.com\/wp-content\/uploads\/2019\/10\/vivienda-otras-viviendas.jpg\u00bb background_blend=\u00bbmultiply\u00bb disabled=\u00bbon\u00bb][et_pb_row _builder_version=\u00bb3.27.4&#8243;][et_pb_column type=\u00bb4_4&#8243; _builder_version=\u00bb3.27.4&#8243;][et_pb_text _builder_version=\u00bb3.27.4&#8243; text_orientation=\u00bbcenter\u00bb background_layout=\u00bbdark\u00bb]<\/p>\n<h3>SINGULAR<br \/>\u00c1TICO<\/h3>\n<p>[\/et_pb_text][et_pb_button button_url=\u00bb#\u00bb button_text=\u00bbVer vivienda\u00bb button_alignment=\u00bbcenter\u00bb _builder_version=\u00bb3.27.4&#8243; background_layout=\u00bbdark\u00bb][\/et_pb_button][\/et_pb_column][\/et_pb_row][\/et_pb_section]<\/p>\n","protected":false},"excerpt":{"rendered":"<p>Vivir un pedacito de historia de Madrid es posible en esta vivienda en edificio de 1.900 cuya rehabilitaci\u00f3n recupera elementos cl\u00e1sicos en combinaci\u00f3n con espacios m\u00e1s modernos.<\/p>\n","protected":false},"featured_media":20608,"template":"","meta":{"_et_pb_use_builder":"on","_et_pb_old_content":"","_et_gb_content_width":""},"class_list":["post-19874","vivienda","type-vivienda","status-publish","has-post-thumbnail","hentry"],"acf":{"mostrar_boton_mas_informacion":false,"destacar_hamburguesa":false,"destacar_viviendas":false},"_links":{"self":[{"href":"https:\/\/www.uxban.com\/es\/wp-json\/wp\/v2\/vivienda\/19874","targetHints":{"allow":["GET"]}}],"collection":[{"href":"https:\/\/www.uxban.com\/es\/wp-json\/wp\/v2\/vivienda"}],"about":[{"href":"https:\/\/www.uxban.com\/es\/wp-json\/wp\/v2\/types\/vivienda"}],"version-history":[{"count":90,"href":"https:\/\/www.uxban.com\/es\/wp-json\/wp\/v2\/vivienda\/19874\/revisions"}],"predecessor-version":[{"id":22626,"href":"https:\/\/www.uxban.com\/es\/wp-json\/wp\/v2\/vivienda\/19874\/revisions\/22626"}],"wp:featuredmedia":[{"embeddable":true,"href":"https:\/\/www.uxban.com\/es\/wp-json\/wp\/v2\/media\/20608"}],"wp:attachment":[{"href":"https:\/\/www.uxban.com\/es\/wp-json\/wp\/v2\/media?parent=19874"}],"curies":[{"name":"wp","href":"https:\/\/api.w.org\/{rel}","templated":true}]}}