{"id":183,"date":"2019-10-01T13:00:29","date_gmt":"2019-10-01T11:00:29","guid":{"rendered":"http:\/\/www.uxban.com\/?post_type=vivienda&#038;p=183"},"modified":"2020-11-30T21:35:07","modified_gmt":"2020-11-30T20:35:07","slug":"el-viso","status":"publish","type":"vivienda","link":"https:\/\/www.uxban.com\/es\/vivienda\/el-viso\/","title":{"rendered":"El Viso"},"content":{"rendered":"<p>[et_pb_section fb_built=\u00bb1&#8243; fullwidth=\u00bbon\u00bb module_id=\u00bbvivienda-header\u00bb _builder_version=\u00bb3.27.4&#8243; background_color=\u00bb#000000&#8243;][et_pb_fullwidth_header title=\u00bbLUJO URBANO\u00bb header_fullscreen=\u00bbon\u00bb _builder_version=\u00bb3.27.4&#8243; background_enable_color=\u00bboff\u00bb background_image=\u00bbhttps:\/\/www.uxban.com\/wp-content\/uploads\/2020\/06\/el-viso-01.jpg\u00bb parallax=\u00bbon\u00bb parallax_method=\u00bbon\u00bb animation_style=\u00bbfade\u00bb animation_delay=\u00bb250ms\u00bb][\/et_pb_fullwidth_header][\/et_pb_section][et_pb_section fb_built=\u00bb1&#8243; module_id=\u00bbvivienda-container\u00bb _builder_version=\u00bb3.27.4&#8243;][et_pb_row module_id=\u00bbvivienda-text-1-container\u00bb _builder_version=\u00bb3.27.4&#8243; max_width=\u00bb700px\u00bb][et_pb_column type=\u00bb4_4&#8243; _builder_version=\u00bb3.27.4&#8243;][et_pb_text module_id=\u00bbvivienda-text-1&#8243; _builder_version=\u00bb4.4.9&#8243; text_orientation=\u00bbcenter\u00bb]<\/p>\n<h2>Casa integrada en un bloque de viviendas, con un tama\u00f1o perfecto para una familia y con magn\u00edficas vistas sobre el Santiago Bernab\u00e9u.<\/h2>\n<p>En la acogedora calle Segre hallamos este edificio con solera: generosas zonas comunes, hall representativo, c\u00f3modo garaje para los vecinos. Planta alta con vistas despejadas donde la luz impregna cada rinc\u00f3n de la casa.[\/et_pb_text][\/et_pb_column][\/et_pb_row][et_pb_row module_id=\u00bbvivienda-imagen-container-1&#8243; _builder_version=\u00bb3.27.4&#8243;][et_pb_column type=\u00bb4_4&#8243; _builder_version=\u00bb3.27.4&#8243;][et_pb_image src=\u00bbhttps:\/\/www.uxban.com\/wp-content\/uploads\/2020\/06\/el-viso-02.jpg\u00bb show_in_lightbox=\u00bbon\u00bb align=\u00bbcenter\u00bb module_id=\u00bbvivienda-imagen-1&#8243; _builder_version=\u00bb3.27.4&#8243;][\/et_pb_image][\/et_pb_column][\/et_pb_row][et_pb_row column_structure=\u00bb1_2,1_2&#8243; make_equal=\u00bbon\u00bb module_id=\u00bbvivienda-imagen-container-2&#8243; module_class=\u00bbimages-middle\u00bb _builder_version=\u00bb3.27.4&#8243;][et_pb_column type=\u00bb1_2&#8243; _builder_version=\u00bb3.27.4&#8243;][et_pb_image src=\u00bbhttps:\/\/www.uxban.com\/wp-content\/uploads\/2020\/06\/el-viso-03.jpg\u00bb show_in_lightbox=\u00bbon\u00bb align=\u00bbcenter\u00bb module_id=\u00bbvivienda-imagen-2&#8243; _builder_version=\u00bb3.27.4&#8243;][\/et_pb_image][\/et_pb_column][et_pb_column type=\u00bb1_2&#8243; _builder_version=\u00bb3.27.4&#8243;][et_pb_image src=\u00bbhttps:\/\/www.uxban.com\/wp-content\/uploads\/2020\/06\/el-viso-04.jpg\u00bb show_in_lightbox=\u00bbon\u00bb align=\u00bbcenter\u00bb module_id=\u00bbvivienda-imagen-3&#8243; _builder_version=\u00bb3.27.4&#8243;][\/et_pb_image][\/et_pb_column][\/et_pb_row][et_pb_row module_id=\u00bbvivienda-text-2-container\u00bb _builder_version=\u00bb3.27.4&#8243; max_width=\u00bb700px\u00bb][et_pb_column type=\u00bb4_4&#8243; _builder_version=\u00bb3.27.4&#8243;][et_pb_text module_id=\u00bbvivienda-text-2&#8243; _builder_version=\u00bb4.4.9&#8243; text_orientation=\u00bbcenter\u00bb]<\/p>\n<h2>El objetivo de la rehabilitaci\u00f3n crear una zona delantera de la casa sin divisiones, un espacio di\u00e1fano abierto a una hermosa terraza.<\/h2>\n<p>Se ha mantenido un esquema m\u00e1s tradicional, con la cocina junto a la puerta y dormitorio de servicio. Asimismo, el office y comedor de diario tienen un espl\u00e9ndido tama\u00f1o pensados en un estilo de vida familiar donde se pasa mucho tiempo en la cocina.<\/p>\n<p>[\/et_pb_text][\/et_pb_column][\/et_pb_row][\/et_pb_section][et_pb_section fb_built=\u00bb1&#8243; fullwidth=\u00bbon\u00bb module_id=\u00bbvivienda-galeria\u00bb _builder_version=\u00bb3.27.4&#8243;][et_pb_fullwidth_slider module_class=\u00bbfull-height\u00bb _builder_version=\u00bb3.27.4&#8243; background_color=\u00bb#000000&#8243;][et_pb_slide _builder_version=\u00bb3.27.4&#8243; background_color=\u00bb#000000&#8243; background_enable_color=\u00bbon\u00bb background_image=\u00bbhttps:\/\/www.uxban.com\/wp-content\/uploads\/2020\/06\/el-viso-05.jpg\u00bb background_enable_image=\u00bbon\u00bb][\/et_pb_slide][et_pb_slide _builder_version=\u00bb3.27.4&#8243; background_color=\u00bb#000000&#8243; background_enable_color=\u00bbon\u00bb background_image=\u00bbhttps:\/\/www.uxban.com\/wp-content\/uploads\/2020\/06\/el-viso-06-01.jpg\u00bb background_enable_image=\u00bbon\u00bb][\/et_pb_slide][et_pb_slide _builder_version=\u00bb3.27.4&#8243; background_color=\u00bb#000000&#8243; background_enable_color=\u00bbon\u00bb background_image=\u00bbhttps:\/\/www.uxban.com\/wp-content\/uploads\/2020\/06\/el-viso-06-02.jpg\u00bb background_enable_image=\u00bbon\u00bb][\/et_pb_slide][et_pb_slide _builder_version=\u00bb3.27.4&#8243; background_color=\u00bb#000000&#8243; background_enable_color=\u00bbon\u00bb background_image=\u00bbhttps:\/\/www.uxban.com\/wp-content\/uploads\/2020\/06\/el-viso-06-03.jpg\u00bb background_enable_image=\u00bbon\u00bb][\/et_pb_slide][et_pb_slide _builder_version=\u00bb3.27.4&#8243; background_color=\u00bb#000000&#8243; background_enable_color=\u00bbon\u00bb background_image=\u00bbhttps:\/\/www.uxban.com\/wp-content\/uploads\/2020\/06\/el-viso-06-04.jpg\u00bb background_enable_image=\u00bbon\u00bb][\/et_pb_slide][et_pb_slide _builder_version=\u00bb3.27.4&#8243; background_color=\u00bb#000000&#8243; background_enable_color=\u00bbon\u00bb background_image=\u00bbhttps:\/\/www.uxban.com\/wp-content\/uploads\/2020\/06\/el-viso-06-05.jpg\u00bb background_enable_image=\u00bbon\u00bb][\/et_pb_slide][et_pb_slide _builder_version=\u00bb3.27.4&#8243; background_color=\u00bb#000000&#8243; background_enable_color=\u00bbon\u00bb background_image=\u00bbhttps:\/\/www.uxban.com\/wp-content\/uploads\/2020\/06\/el-viso-06-06.jpg\u00bb background_enable_image=\u00bbon\u00bb][\/et_pb_slide][et_pb_slide _builder_version=\u00bb3.27.4&#8243; background_color=\u00bb#000000&#8243; background_enable_color=\u00bbon\u00bb background_image=\u00bbhttps:\/\/www.uxban.com\/wp-content\/uploads\/2020\/06\/el-viso-06-07.jpg\u00bb background_enable_image=\u00bbon\u00bb][\/et_pb_slide][\/et_pb_fullwidth_slider][\/et_pb_section][et_pb_section fb_built=\u00bb1&#8243; admin_label=\u00bbSLIDER DE IM\u00c1GENES\u00bb module_id=\u00bbvivienda-slider\u00bb _builder_version=\u00bb3.27.4&#8243;][et_pb_row admin_label=\u00bbFila\u00bb module_class=\u00bbvivienda-image-slider\u00bb _builder_version=\u00bb3.27.4&#8243; width=\u00bb100%\u00bb max_width=\u00bb2560px\u00bb][et_pb_column type=\u00bb4_4&#8243; _builder_version=\u00bb3.27.4&#8243;][et_pb_image src=\u00bbhttps:\/\/www.uxban.com\/wp-content\/uploads\/2020\/06\/el-viso-01.jpg\u00bb show_in_lightbox=\u00bbon\u00bb align=\u00bbcenter\u00bb _builder_version=\u00bb3.27.4&#8243;][\/et_pb_image][et_pb_image src=\u00bbhttps:\/\/www.uxban.com\/wp-content\/uploads\/2020\/06\/el-viso-02.jpg\u00bb show_in_lightbox=\u00bbon\u00bb align=\u00bbcenter\u00bb _builder_version=\u00bb3.27.4&#8243;][\/et_pb_image][et_pb_image src=\u00bbhttps:\/\/www.uxban.com\/wp-content\/uploads\/2020\/06\/el-viso-03.jpg\u00bb show_in_lightbox=\u00bbon\u00bb align=\u00bbcenter\u00bb _builder_version=\u00bb3.27.4&#8243;][\/et_pb_image][et_pb_image src=\u00bbhttps:\/\/www.uxban.com\/wp-content\/uploads\/2020\/06\/el-viso-04.jpg\u00bb show_in_lightbox=\u00bbon\u00bb align=\u00bbcenter\u00bb _builder_version=\u00bb3.27.4&#8243;][\/et_pb_image][et_pb_image src=\u00bbhttps:\/\/www.uxban.com\/wp-content\/uploads\/2020\/06\/el-viso-05.jpg\u00bb show_in_lightbox=\u00bbon\u00bb align=\u00bbcenter\u00bb _builder_version=\u00bb3.27.4&#8243;][\/et_pb_image][et_pb_image src=\u00bbhttps:\/\/www.uxban.com\/wp-content\/uploads\/2020\/06\/el-viso-06-01.jpg\u00bb show_in_lightbox=\u00bbon\u00bb align=\u00bbcenter\u00bb _builder_version=\u00bb3.27.4&#8243;][\/et_pb_image][et_pb_image src=\u00bbhttps:\/\/www.uxban.com\/wp-content\/uploads\/2020\/06\/el-viso-06-02.jpg\u00bb show_in_lightbox=\u00bbon\u00bb align=\u00bbcenter\u00bb _builder_version=\u00bb3.27.4&#8243;][\/et_pb_image][et_pb_image src=\u00bbhttps:\/\/www.uxban.com\/wp-content\/uploads\/2020\/06\/el-viso-06-03.jpg\u00bb show_in_lightbox=\u00bbon\u00bb align=\u00bbcenter\u00bb _builder_version=\u00bb3.27.4&#8243;][\/et_pb_image][et_pb_image src=\u00bbhttps:\/\/www.uxban.com\/wp-content\/uploads\/2020\/06\/el-viso-06-04.jpg\u00bb show_in_lightbox=\u00bbon\u00bb align=\u00bbcenter\u00bb _builder_version=\u00bb3.27.4&#8243;][\/et_pb_image][et_pb_image src=\u00bbhttps:\/\/www.uxban.com\/wp-content\/uploads\/2020\/06\/el-viso-06-05.jpg\u00bb show_in_lightbox=\u00bbon\u00bb align=\u00bbcenter\u00bb _builder_version=\u00bb3.27.4&#8243;][\/et_pb_image][et_pb_image src=\u00bbhttps:\/\/www.uxban.com\/wp-content\/uploads\/2020\/06\/el-viso-06-06.jpg\u00bb show_in_lightbox=\u00bbon\u00bb align=\u00bbcenter\u00bb _builder_version=\u00bb3.27.4&#8243;][\/et_pb_image][et_pb_image src=\u00bbhttps:\/\/www.uxban.com\/wp-content\/uploads\/2020\/06\/el-viso-06-07.jpg\u00bb show_in_lightbox=\u00bbon\u00bb align=\u00bbcenter\u00bb _builder_version=\u00bb3.27.4&#8243;][\/et_pb_image][\/et_pb_column][\/et_pb_row][\/et_pb_section][et_pb_section fb_built=\u00bb1&#8243; module_id=\u00bbvivienda-barrio-container\u00bb _builder_version=\u00bb3.27.4&#8243;][et_pb_row column_structure=\u00bb1_2,1_2&#8243; make_equal=\u00bbon\u00bb admin_label=\u00bbid:vivienda-barrio\u00bb module_id=\u00bbvivienda-barrio\u00bb _builder_version=\u00bb3.27.4&#8243; background_enable_image=\u00bboff\u00bb max_width=\u00bb835px\u00bb][et_pb_column type=\u00bb1_2&#8243; _builder_version=\u00bb3.27.4&#8243; background_image=\u00bbhttps:\/\/www.uxban.com\/wp-content\/uploads\/2020\/06\/el-viso-07.jpg\u00bb][\/et_pb_column][et_pb_column type=\u00bb1_2&#8243; _builder_version=\u00bb3.27.4&#8243;][et_pb_text admin_label=\u00bbid:vivienda-barrio-text\u00bb module_id=\u00bbvivienda-barrio-text\u00bb _builder_version=\u00bb4.4.9&#8243; text_orientation=\u00bbcenter\u00bb]<\/p>\n<h3>El Viso, una colonia residencial con historia y solera.<\/h3>\n<p>Perteneciente al distrito de Chamart\u00edn, es uno de los barrios con mayor poder adquisitivo de la ciudad. Dise\u00f1ado en los a\u00f1os 30 bajo la influencia del racionalismo arquitect\u00f3nico, desde muy pronto, por sus cualidades y planteamiento, fue ocupado por profesionales de clase alta e intelectuales.<\/p>\n<p>Con el crecimiento de Madrid hacia el norte, lo que comenz\u00f3 con un experimento de la Ciudad Jard\u00edn se convirti\u00f3 en una privilegiada zona de viviendas unifamiliares en el centro financiero y neur\u00e1lgico de la ciudad.<\/p>\n<p>[\/et_pb_text][\/et_pb_column][\/et_pb_row][et_pb_row column_structure=\u00bb1_2,1_2&#8243; make_equal=\u00bbon\u00bb admin_label=\u00bbid:vivienda-caracteristicas\u00bb module_id=\u00bbvivienda-caracteristicas\u00bb _builder_version=\u00bb3.27.4&#8243; background_enable_image=\u00bboff\u00bb max_width=\u00bb835px\u00bb][et_pb_column type=\u00bb1_2&#8243; _builder_version=\u00bb3.27.4&#8243; background_enable_image=\u00bboff\u00bb][et_pb_text _builder_version=\u00bb3.27.4&#8243;]<\/p>\n<table>\n<tr>\n<td class=\"titular\">Localizaci\u00f3n<\/td>\n<td>Calle Segre (Madrid)<\/td>\n<\/tr>\n<tr>\n<td class=\"titular\">Tipo<\/td>\n<td>Piso<\/td>\n<\/tr>\n<tr>\n<td class=\"titular\">Fecha<\/td>\n<td>Febrero 2018<\/td>\n<\/tr>\n<tr>\n<td class=\"titular\">Superf\u00edcie<\/td>\n<td>200 m\u00b2 construidos<\/td>\n<\/tr>\n<\/table>\n<p>[\/et_pb_text][\/et_pb_column][et_pb_column type=\u00bb1_2&#8243; _builder_version=\u00bb3.27.4&#8243;][et_pb_text _builder_version=\u00bb3.27.4&#8243; text_orientation=\u00bbcenter\u00bb]<\/p>\n<table>\n<tr>\n<td class=\"titular\">Caracter\u00edsticas<\/td>\n<td>N\u00ba de dormitorios<\/td>\n<td>4<\/td>\n<\/tr>\n<tr>\n<td><\/td>\n<td>N\u00ba de ba\u00f1os<\/td>\n<td>4<\/td>\n<\/tr>\n<tr>\n<td><\/td>\n<td>Trastero<\/td>\n<td>S\u00ed<\/td>\n<\/tr>\n<tr>\n<td><\/td>\n<td>Garaje<\/td>\n<td>S\u00ed<\/td>\n<\/tr>\n<tr>\n<td><\/td>\n<td><\/td>\n<td><\/td>\n<\/tr>\n<\/table>\n<p>[\/et_pb_text][\/et_pb_column][\/et_pb_row][\/et_pb_section][et_pb_section fb_built=\u00bb1&#8243; disabled_on=\u00bboff|off|off\u00bb admin_label=\u00bb\u00bfTE INTERESA ESTA VIVIENDA?\u00bb module_id=\u00bbvivienda-te-interesa\u00bb _builder_version=\u00bb3.27.4&#8243; background_color=\u00bb#F7F6F2&#8243; collapsed=\u00bboff\u00bb][et_pb_row column_structure=\u00bb1_2,1_2&#8243; make_equal=\u00bbon\u00bb _builder_version=\u00bb3.27.4&#8243;][et_pb_column type=\u00bb1_2&#8243; module_id=\u00bbvivienda-te-interesa-texto\u00bb _builder_version=\u00bb3.27.4&#8243;][et_pb_text content_last_edited=\u00bboff|desktop\u00bb _builder_version=\u00bb4.4.9&#8243;]<\/p>\n<h3>\u00bfTE INTERESA ESTA VIVIENDA?<\/h3>\n<p>Escr\u00edbenos y te facilitaremos informaci\u00f3n detallada tanto de las viviendas que tenemos disponibles en este momento como de aquellas que estamos rehabilitando.<\/p>\n<p><a href=\"\/contacto\/\">Contacta con nosotros<\/a><\/p>\n<p>[\/et_pb_text][\/et_pb_column][et_pb_column type=\u00bb1_2&#8243; _builder_version=\u00bb3.27.4&#8243;][et_pb_image src=\u00bbhttps:\/\/www.uxban.com\/wp-content\/uploads\/2020\/07\/viviendas-contacto.jpg\u00bb src_last_edited=\u00bboff|desktop\u00bb _builder_version=\u00bb4.4.9&#8243;][\/et_pb_image][\/et_pb_column][\/et_pb_row][\/et_pb_section][et_pb_section fb_built=\u00bb1&#8243; disabled_on=\u00bbon|on|on\u00bb admin_label=\u00bb\u00bfTE INTERESA ESTA VIVIENDA?\u00bb module_id=\u00bbvivienda-te-interesa\u00bb _builder_version=\u00bb3.27.4&#8243; background_color=\u00bb#F7F6F2&#8243; disabled=\u00bbon\u00bb][et_pb_row column_structure=\u00bb1_2,1_2&#8243; make_equal=\u00bbon\u00bb _builder_version=\u00bb3.27.4&#8243;][et_pb_column type=\u00bb1_2&#8243; module_id=\u00bbvivienda-te-interesa-texto\u00bb _builder_version=\u00bb3.27.4&#8243;][et_pb_text _builder_version=\u00bb3.27.4&#8243;]<\/p>\n<h3>\u00bfTE INTERESA ESTA VIVIENDA?<\/h3>\n<p>Lorem ipsum dolor sit amet, consetetur sadipscing elitr, sed diam nonumy eirmod tempor invidunt ut labore et dolore magna aliquyam erat, sed diam voluptua.<\/p>\n<p><a href=\"#\">Contacta con nosotros<\/a><\/p>\n<p>[\/et_pb_text][\/et_pb_column][et_pb_column type=\u00bb1_2&#8243; _builder_version=\u00bb3.27.4&#8243;][et_pb_image src=\u00bbhttps:\/\/www.uxban.com\/wp-content\/uploads\/2019\/10\/te-interesa-vivienda.jpg\u00bb _builder_version=\u00bb3.27.4&#8243;][\/et_pb_image][\/et_pb_column][\/et_pb_row][\/et_pb_section][et_pb_section fb_built=\u00bb1&#8243; disabled_on=\u00bbon|on|on\u00bb module_id=\u00bbvivienda-ver-otra\u00bb _builder_version=\u00bb3.27.4&#8243; background_color=\u00bbrgba(0,0,0,0.3)\u00bb background_image=\u00bbhttps:\/\/www.uxban.com\/wp-content\/uploads\/2019\/10\/vivienda-otras-viviendas.jpg\u00bb background_blend=\u00bbmultiply\u00bb disabled=\u00bbon\u00bb][et_pb_row _builder_version=\u00bb3.27.4&#8243;][et_pb_column type=\u00bb4_4&#8243; _builder_version=\u00bb3.27.4&#8243;][et_pb_text _builder_version=\u00bb3.27.4&#8243; text_orientation=\u00bbcenter\u00bb background_layout=\u00bbdark\u00bb]<\/p>\n<h3>SINGULAR<br \/>\u00c1TICO<\/h3>\n<p>[\/et_pb_text][et_pb_button button_url=\u00bb#\u00bb button_text=\u00bbVer vivienda\u00bb button_alignment=\u00bbcenter\u00bb _builder_version=\u00bb3.27.4&#8243; background_layout=\u00bbdark\u00bb][\/et_pb_button][\/et_pb_column][\/et_pb_row][\/et_pb_section]<\/p>\n","protected":false},"excerpt":{"rendered":"<p>Sexta planta con amplias vistas en esta casa familiar comprendida en una de las zonas residenciales m\u00e1s deseadas y apetecibles del distrito de Chamart\u00edn.<\/p>\n","protected":false},"featured_media":21248,"template":"","meta":{"_et_pb_use_builder":"on","_et_pb_old_content":"","_et_gb_content_width":""},"class_list":["post-183","vivienda","type-vivienda","status-publish","has-post-thumbnail","hentry"],"acf":{"mostrar_boton_mas_informacion":false,"destacar_hamburguesa":false,"destacar_viviendas":false},"_links":{"self":[{"href":"https:\/\/www.uxban.com\/es\/wp-json\/wp\/v2\/vivienda\/183","targetHints":{"allow":["GET"]}}],"collection":[{"href":"https:\/\/www.uxban.com\/es\/wp-json\/wp\/v2\/vivienda"}],"about":[{"href":"https:\/\/www.uxban.com\/es\/wp-json\/wp\/v2\/types\/vivienda"}],"version-history":[{"count":35,"href":"https:\/\/www.uxban.com\/es\/wp-json\/wp\/v2\/vivienda\/183\/revisions"}],"predecessor-version":[{"id":22656,"href":"https:\/\/www.uxban.com\/es\/wp-json\/wp\/v2\/vivienda\/183\/revisions\/22656"}],"wp:featuredmedia":[{"embeddable":true,"href":"https:\/\/www.uxban.com\/es\/wp-json\/wp\/v2\/media\/21248"}],"wp:attachment":[{"href":"https:\/\/www.uxban.com\/es\/wp-json\/wp\/v2\/media?parent=183"}],"curies":[{"name":"wp","href":"https:\/\/api.w.org\/{rel}","templated":true}]}}